{"id":1218,"date":"2023-01-17T10:33:22","date_gmt":"2023-01-17T10:33:22","guid":{"rendered":"https:\/\/www.progen.org\/inicio\/"},"modified":"2023-11-29T13:48:40","modified_gmt":"2023-11-29T13:48:40","slug":"inicio","status":"publish","type":"page","link":"https:\/\/www.progen.org\/es\/","title":{"rendered":"Inicio"},"content":{"rendered":"<section class=\"wpb-content-wrapper\"><p>[vc_section el_id=&#8221;home-section_0&#8243;][vc_row][vc_column]\n\t\t\t<!-- START Home Slider  ES REVOLUTION SLIDER 6.6.14 --><p class=\"rs-p-wp-fix\"><\/p>\n\t\t\t<rs-module-wrap id=\"rev_slider_4_1_wrapper\" data-source=\"gallery\" style=\"visibility:hidden;background:transparent;padding:0;margin:0px auto;margin-top:0;margin-bottom:0;\">\n\t\t\t\t<rs-module id=\"rev_slider_4_1\" style=\"\" data-version=\"6.6.14\">\n\t\t\t\t\t<rs-slides style=\"overflow: hidden; position: absolute;\">\n\t\t\t\t\t\t<rs-slide style=\"position: absolute;\" data-key=\"rs-5\" data-title=\"Slide\" data-in=\"o:0;\" data-out=\"a:false;\">\n\t\t\t\t\t\t\t<img decoding=\"async\" src=\"\/\/www.progen.org\/wp-content\/plugins\/revslider\/public\/assets\/assets\/dummy.png\" alt=\"\" title=\"home-section_0-slider_1\" width=\"1920\" height=\"1169\" class=\"rev-slidebg tp-rs-img rs-lazyload\" data-lazyload=\"\/\/www.progen.org\/wp-content\/uploads\/2023\/01\/home-section_0-slider_1.png\" data-no-retina>\n<!--\n\t\t\t\t\t\t\t--><rs-layer\n\t\t\t\t\t\t\t\tid=\"slider-4-slide-5-layer-0\" \n\t\t\t\t\t\t\t\tdata-type=\"text\"\n\t\t\t\t\t\t\t\tdata-rsp_ch=\"on\"\n\t\t\t\t\t\t\t\tdata-xy=\"x:c;yo:251px,251px,178px,111px;\"\n\t\t\t\t\t\t\t\tdata-text=\"w:normal;s:72,72,51,31;l:72,72,51,31;fw:700;a:center;\"\n\t\t\t\t\t\t\t\tdata-frame_999=\"o:0;st:w;\"\n\t\t\t\t\t\t\t\tstyle=\"z-index:5;font-family:'Roboto';\"\n\t\t\t\t\t\t\t>Conectando a las Familias<br \/>\nCon la Mejor<br \/>\nAtenci\u00f3n Posible \n\t\t\t\t\t\t\t<\/rs-layer><!--\n\n\t\t\t\t\t\t\t--><rs-layer\n\t\t\t\t\t\t\t\tid=\"slider-4-slide-5-layer-1\" \n\t\t\t\t\t\t\t\tdata-type=\"text\"\n\t\t\t\t\t\t\t\tdata-rsp_ch=\"on\"\n\t\t\t\t\t\t\t\tdata-xy=\"x:c;xo:-7px,-7px,-4px,-2px;yo:500px,500px,355px,221px;\"\n\t\t\t\t\t\t\t\tdata-text=\"w:normal;s:30,30,21,13;l:30,30,21,13;\"\n\t\t\t\t\t\t\t\tdata-frame_999=\"o:0;st:w;\"\n\t\t\t\t\t\t\t\tstyle=\"z-index:6;font-family:'Roboto';\"\n\t\t\t\t\t\t\t>Abogando por los neoyorquinos como t\u00fa \n\t\t\t\t\t\t\t<\/rs-layer><!--\n\n\t\t\t\t\t\t\t--><rs-layer\n\t\t\t\t\t\t\t\tid=\"slider-4-slide-5-layer-2\" \n\t\t\t\t\t\t\t\tdata-type=\"text\"\n\t\t\t\t\t\t\t\tdata-color=\"#fff\"\n\t\t\t\t\t\t\t\tdata-rsp_ch=\"on\"\n\t\t\t\t\t\t\t\tdata-xy=\"xo:373px,373px,265px,165px;yo:759px,759px,539px,336px;\"\n\t\t\t\t\t\t\t\tdata-text=\"w:normal;s:14,14,9,5;l:20,20,14,8;fw:600,600,400,400;a:center;\"\n\t\t\t\t\t\t\t\tdata-dim=\"w:674px,674px,479px,299px;minh:0,0,none,none;\"\n\t\t\t\t\t\t\t\tdata-frame_999=\"o:0;st:w;\"\n\t\t\t\t\t\t\t\tstyle=\"z-index:9;font-family:'Arial';\"\n\t\t\t\t\t\t\t>Descargo de responsabilidad: Progen Care Staffing no es un proveedor de servicios de salud y no brinda servicios de salud. Progen Care Staffing act\u00faa como educador y defensor de la comunidad de la ciudad de Nueva York para conectar al p\u00fablico con los recursos que pueden brindar estos servicios de salud de manera efectiva y eficiente. \n\t\t\t\t\t\t\t<\/rs-layer><!--\n\n\t\t\t\t\t\t\t--><p\n\t\t\t\t\t\t\t\tid=\"slider-4-slide-5-layer-3\" \n\t\t\t\t\t\t\t\tclass=\"rs-layer rev-btn\"\n\t\t\t\t\t\t\t\tdata-type=\"button\"\n\t\t\t\t\t\t\t\tdata-rsp_ch=\"on\"\n\t\t\t\t\t\t\t\tdata-xy=\"x:c;xo:-4px,-4px,-2px,-1px;yo:596px,596px,423px,264px;\"\n\t\t\t\t\t\t\t\tdata-text=\"s:14,14,9,5;l:14,14,9,6;fw:500;a:center;\"\n\t\t\t\t\t\t\t\tdata-dim=\"minh:0px,0px,none,none;\"\n\t\t\t\t\t\t\t\tdata-padding=\"r:25,25,18,11;l:25,25,18,11;\"\n\t\t\t\t\t\t\t\tdata-border=\"bor:30px,30px,30px,30px;\"\n\t\t\t\t\t\t\t\tdata-frame_999=\"o:0;st:w;\"\n\t\t\t\t\t\t\t\tdata-frame_hover=\"bgc:rgba(0,0,0,0);bor:30px,30px,30px,30px;e:power1.inOut;\"\n\t\t\t\t\t\t\t\tstyle=\"z-index:8;background-color:rgba(0,0,0,0);font-family:'Roboto';\"\n\t\t\t\t\t\t\t><a style=\"text-align:center !important;\" href=\"#\"  data-open=\"exampleModal2\"  class=\"button text-transform-uppercase no-margin-bottom slider-button\">CON\u00c9CTATE CON NOSOTROS AHORA<\/a> \n\t\t\t\t\t\t\t<\/p><!--\n-->\t\t\t\t\t\t<\/rs-slide>\n\t\t\t\t\t<\/rs-slides>\n\t\t\t\t<\/rs-module>\n\t\t\t\t<script>\n\t\t\t\t\tsetREVStartSize({c: 'rev_slider_4_1',rl:[1440,1440,1024,640],el:[1170,1170,960,720],gw:[1440,1440,1024,640],gh:[1170,1170,640,480],type:'standard',justify:'',layout:'fullwidth',mh:\"0\"});if (window.RS_MODULES!==undefined && window.RS_MODULES.modules!==undefined && window.RS_MODULES.modules[\"revslider41\"]!==undefined) {window.RS_MODULES.modules[\"revslider41\"].once = false;window.revapi4 = undefined;if (window.RS_MODULES.checkMinimal!==undefined) window.RS_MODULES.checkMinimal()}\n\t\t\t\t<\/script>\n\t\t\t<\/rs-module-wrap>\n\t\t\t<!-- END REVOLUTION SLIDER -->\n[\/vc_column][\/vc_row][\/vc_section][vc_section el_id=&#8221;home-section_1&#8243; css=&#8221;.vc_custom_1674136840284{background-image: url(https:\/\/www.progen.org\/wp-content\/uploads\/2023\/01\/home-section_1-bg.png?id=90) !important;}&#8221; el_class=&#8221;bg-size-cover bg-no-repeat bg-center position-relative has-negative-margin-top-40-percent&#8221;][vc_row][vc_column][vc_empty_space height=&#8221;90px&#8221; el_class=&#8221;show-for-large&#8221;][vc_empty_space height=&#8221;45px&#8221; el_class=&#8221;hide-for-large&#8221;][vc_row_inner el_class=&#8221;row no-padding-vc&#8221;][vc_column_inner el_class=&#8221;card has-negative-margin-top-50-percent&#8221;][vc_raw_html]PGRpdiBjbGFzcz0icm93Ij4KICAgIDxkaXYgY2xhc3M9ImNvbHVtbnMgc21hbGwtMTIgbGFyZ2UtOCBsYXJnZS1vZmZzZXQtMiB0ZXh0LWNlbnRlciI+CiAgICAgICAgPGRpdiBjbGFzcz0ic2hvdy1mb3ItbGFyZ2UiIHN0eWxlPSJoZWlnaHQ6IDkwcHg7Ij48L2Rpdj4KICAgICAgICA8ZGl2IGNsYXNzPSJoaWRlLWZvci1sYXJnZSIgc3R5bGU9ImhlaWdodDogNDVweDsiPjwvZGl2PgogICAgICAgIDxoMiBjbGFzcz0ibWFyZ2luLWJvdHRvbS0xcG9pbnQ1cmVtIj5Mb3MgcmV0b3MgcHVlZGVuIGluY2x1aXI8L2gyPgogICAgICAgIDxwIGNsYXNzPSJtYXJnaW4tYm90dG9tLTAiPiAgTm9zIGRpcmlnaW1vcyBhIHBlcnNvbmFzIHF1ZSBwYWRlY2VuIChvIGNyZWVuIHBhZGVjZXIpIHVuYSBhbXBsaWEgZ2FtYSBkZSBwcm9ibGVtYXMgZGUgc2FsdWQuIEF5dWRhbW9zIGEgZWR1Y2FybGVzIHkgbGVzIGRpcmlnaW1vcyBhIGxvcyByZWN1cnNvcyBhZGVjdWFkb3MgcGFyYSBxdWUgcmVjaWJhbiBhc2lzdGVuY2lhLiAgPC9wPgogICAgICAgIDxkaXYgY2xhc3M9InNob3ctZm9yLWxhcmdlIiBzdHlsZT0iaGVpZ2h0OiA5MHB4OyI+PC9kaXY+CiAgICAgICAgPGRpdiBjbGFzcz0iaGlkZS1mb3ItbGFyZ2UiIHN0eWxlPSJoZWlnaHQ6IDQ1cHg7Ij48L2Rpdj4KICAgIDwvZGl2Pgo8L2Rpdj4KPGRpdiBjbGFzcz0icm93IiBkYXRhLWVxdWFsaXplcj0iIiBkYXRhLWVxdWFsaXplLW9uPSJtZWRpdW0iPgogICAgPGRpdiBjbGFzcz0iY29sdW1ucyBsYXJnZS00IG1lZGl1bS0xMiBzbWFsbC0xMiB0ZXh0LWNlbnRlciBib3JkZXItc2Vjb25kYXJ5LWxpZ2h0LXJpZ2h0Ij4KICAgICAgICA8ZGl2IGNsYXNzPSJjb2x1bW4tY29udGVudCIgZGF0YS1lcXVhbGl6ZXItd2F0Y2g9IiI+CiAgICAgICAgICAgIDxwIGNsYXNzPSJtYXJnaW4tYm90dG9tLTJyZW0iPjxpbWcgc3JjPSIvd3AtY29udGVudC91cGxvYWRzLzIwMjMvMDEvaG9tZS1zZWN0aW9uXzEtaWNvbl8xLnBuZyIgYWx0PSIiIHdpZHRoPSI3MCIgaGVpZ2h0PSI3MCIgY2xhc3M9ImFsaWdubm9uZSBzaXplLWZ1bGwgd3AtaW1hZ2UtOTkiPjwvcD4KICAgICAgICAgICAgPGgzIGNsYXNzPSJtYXJnaW4tYm90dG9tLTJyZW0iPkVtb2Npb25hbDwvaDM+CiAgICAgICAgICAgIDxwIGNsYXNzPSJtYXJnaW4tYm90dG9tLTNyZW0iPkxvcyBwcm9ibGVtYXMgZW1vY2lvbmFsZXMgcHVlZGVuIGFkb3B0YXIgZGl2ZXJzYXMgZm9ybWFzLCBlbnRyZSBvdHJhcwogIGEsIGFuc2llZGFkLCBUREFILCB0cmFzdG9ybm9zIGRlbCBlc3RhZG8gZGUgw6FuaW1vIHkgdHJhc3Rvcm5vcyByZWxhY2lvbmFkb3MgY29uIHRyYXVtYXMuIFBvZGVtb3MgYXl1ZGFybGUgYSBwb25lcnNlIGVuIGNvbnRhY3RvCiAgcGVyc29uYXMgcGFyYSBkZXRlcm1pbmFyIHNpIGxvcyBwcm9ibGVtYXMgZW1vY2lvbmFsZXMgZGUgc3UgaGlqbyBjdW1wbGVuIGxvcyByZXF1aXNpdG9zIHBhcmEgcmVjaWJpciBzZXJ2aWNpb3MuPC9wPgogICAgICAgIDwvZGl2PgogICAgICAgIDxhIGNsYXNzPSJidXR0b24gc2Vjb25kYXJ5IHRleHQtdHJhbnNmb3JtLXVwcGVyY2FzZSBuby1tYXJnaW4tYm90dG9tIiBocmVmPSJodHRwczovL3d3dy5wcm9nZW4ub3JnL2VzL2NvbnRhY3RvLyI+PHNwYW4gY2xhc3M9IiI+YXByZW5kZXIKICBtw6FzPC9zcGFuPjxpbWcgY2xhc3M9ImFsaWdubm9uZSBzaXplLWZ1bGwgd3AtaW1hZ2UtNDgiIHNyYz0iL3dwLWNvbnRlbnQvdXBsb2Fkcy8yMDIzLzAxL3JpZ2h0LWFycm93LWljb24ucG5nIiBhbHQ9IiIgd2lkdGg9IjE4IiBoZWlnaHQ9IjE4Ij48L2E+CiAgICA8L2Rpdj4KICAgIDxkaXYgY2xhc3M9ImhpZGUtZm9yLWxhcmdlIiBzdHlsZT0iaGVpZ2h0OiAyNHB4OyI+PC9kaXY+CiAgICA8ZGl2IGNsYXNzPSJjb2x1bW5zIGxhcmdlLTQgbWVkaXVtLTEyIHNtYWxsLTEyIHRleHQtY2VudGVyIGJvcmRlci1zZWNvbmRhcnktbGlnaHQtcmlnaHQiPgogICAgICAgIDxkaXYgY2xhc3M9ImNvbHVtbi1jb250ZW50IiBkYXRhLWVxdWFsaXplci13YXRjaD0iIj4KICAgICAgICAgICAgPHAgY2xhc3M9Im1hcmdpbi1ib3R0b20tMnJlbSI+PGltZyBzcmM9Ii93cC1jb250ZW50L3VwbG9hZHMvMjAyMy8wMS9ob21lLXNlY3Rpb25fMS1pY29uXzIucG5nIiBhbHQ9IiIgd2lkdGg9IjcwIiBoZWlnaHQ9IjcwIiBjbGFzcz0iYWxpZ25ub25lIHNpemUtZnVsbCB3cC1pbWFnZS05OSI+PC9wPgogICAgICAgICAgICA8aDMgY2xhc3M9Im1hcmdpbi1ib3R0b20tMnJlbSI+Q29tcG9ydGFtaWVudG88L2gzPgogICAgICAgICAgICA8cCBjbGFzcz0ibWFyZ2luLWJvdHRvbS0zcmVtIj5Mb3MgcHJvYmxlbWFzIGRlIGNvbmR1Y3RhIGRlIGxvcyBuacOxb3MgcHVlZGVuIG1hbmlmZXN0YXJzZSBkZSBkaXZlcnNhcyBmb3JtYXMKICBkZSBtYW5lcmFzLCBpbmNsdXllbmRvIHBlcm8gbm8gbGltaXRhZG8gYSwgZGlmaWN1bHRhZCBjb24gbGEKICByZWd1bGFjacOzbiwgcHJvYmxlbWFzIGNvbiBsYXMgaW50ZXJhY2Npb25lcyBzb2NpYWxlcywKICB5IGNhbWJpb3MgZW4gbG9zIHBhdHJvbmVzIGRlIGNvbXBvcnRhbWllbnRvIHkgcGVuc2FtaWVudG8uCiAgUG9kZW1vcyBmYWNpbGl0YXJsZSB1bmEgbGlzdGEgY29tcGxldGEgZGUgbG9zIHJlcXVpc2l0b3MKICBwcm9ibGVtYXMgZGUgY29tcG9ydGFtaWVudG8uPC9wPgoKICAgICAgICA8L2Rpdj4KICAgICAgICA8YSBjbGFzcz0iYnV0dG9uIHNlY29uZGFyeSB0ZXh0LXRyYW5zZm9ybS11cHBlcmNhc2Ugbm8tbWFyZ2luLWJvdHRvbSIgaHJlZj0iaHR0cHM6Ly93d3cucHJvZ2VuLm9yZy9lcy9jb250YWN0by8iPjxzcGFuIGNsYXNzPSIiPmFwcmVuZGVyCiAgbcOhczwvc3Bhbj48aW1nIGNsYXNzPSJhbGlnbm5vbmUgc2l6ZS1mdWxsIHdwLWltYWdlLTQ4IiBzcmM9Ii93cC1jb250ZW50L3VwbG9hZHMvMjAyMy8wMS9yaWdodC1hcnJvdy1pY29uLnBuZyIgYWx0PSIiIHdpZHRoPSIxOCIgaGVpZ2h0PSIxOCI+PC9hPgogICAgPC9kaXY+CiAgICA8ZGl2IGNsYXNzPSJoaWRlLWZvci1sYXJnZSIgc3R5bGU9ImhlaWdodDogMjRweDsiPjwvZGl2PgogICAgPGRpdiBjbGFzcz0iY29sdW1ucyBsYXJnZS00IG1lZGl1bS0xMiBzbWFsbC0xMiB0ZXh0LWNlbnRlciI+CiAgICAgICAgPGRpdiBjbGFzcz0iY29sdW1uLWNvbnRlbnQiIGRhdGEtZXF1YWxpemVyLXdhdGNoPSIiPgogICAgICAgICAgICA8cCBjbGFzcz0ibWFyZ2luLWJvdHRvbS0ycmVtIj48aW1nIHNyYz0iL3dwLWNvbnRlbnQvdXBsb2Fkcy8yMDIzLzAxL2hvbWUtc2VjdGlvbl8xLWljb25fMy5wbmciIGFsdD0iIiB3aWR0aD0iNzAiIGhlaWdodD0iNzAiIGNsYXNzPSJhbGlnbm5vbmUgc2l6ZS1mdWxsIHdwLWltYWdlLTk5Ij48L3A+CiAgICAgICAgICAgIDxoMyBjbGFzcz0ibWFyZ2luLWJvdHRvbS0ycmVtIj5Gw61zaWNvPC9oMz4KICAgICAgICAgICAgPHAgY2xhc3M9Im1hcmdpbi1ib3R0b20tM3JlbSI+TG9zIG5pw7FvcyBjb24gcHJvYmxlbWFzIGRlIHNhbHVkIGbDrXNpY2EgcHVlZGVuIHBhZGVjZXIgZGVzZGUgYWxlcmdpYXMgZ3JhdmVzIGhhc3RhCiAgY8OhbmNlciwgYWZlY2Npb25lcyBjYXJkw61hY2FzIG8gdHJhc3Rvcm5vcyBtdXNjdWxhcmVzLiBFc3RvcyBwcm9ibGVtYXMgZsOtc2ljb3MgdGFtYmnDqW4gcHVlZGVuCiAgY29udHJhdGllbXBvcyBkZSBjb21wb3J0YW1pZW50byBjb21vIGVmZWN0byBkZSBzdXMgbHVjaGFzIGNvdGlkaWFuYXMuICA8L3A+CgogICAgICAgIDwvZGl2PgogICAgICAgIDxhIGNsYXNzPSJidXR0b24gc2Vjb25kYXJ5IHRleHQtdHJhbnNmb3JtLXVwcGVyY2FzZSBuby1tYXJnaW4tYm90dG9tIiBocmVmPSJodHRwczovL3d3dy5wcm9nZW4ub3JnL2VzL2NvbnRhY3RvLyI+PHNwYW4gY2xhc3M9IiI+YXByZW5kZXIKICBtw6FzPC9zcGFuPjxpbWcgY2xhc3M9ImFsaWdubm9uZSBzaXplLWZ1bGwgd3AtaW1hZ2UtNDgiIHNyYz0iL3dwLWNvbnRlbnQvdXBsb2Fkcy8yMDIzLzAxL3JpZ2h0LWFycm93LWljb24ucG5nIiBhbHQ9IiIgd2lkdGg9IjE4IiBoZWlnaHQ9IjE4Ij48L2E+CiAgICA8L2Rpdj4KPC9kaXY+CjxkaXYgY2xhc3M9InNob3ctZm9yLWxhcmdlIiBzdHlsZT0iaGVpZ2h0OiA5MHB4OyI+PC9kaXY+CjxkaXYgY2xhc3M9ImhpZGUtZm9yLWxhcmdlIiBzdHlsZT0iaGVpZ2h0OiA0NXB4OyI+PC9kaXY+[\/vc_raw_html][\/vc_column_inner][\/vc_row_inner][vc_empty_space height=&#8221;90px&#8221; el_class=&#8221;show-for-large&#8221;][vc_empty_space height=&#8221;45px&#8221; el_class=&#8221;hide-for-large&#8221;][\/vc_column][\/vc_row][\/vc_section][vc_section el_id=&#8221;home-section_2&#8243;][vc_row][vc_column][vc_empty_space height=&#8221;90px&#8221; el_class=&#8221;show-for-large&#8221;][vc_empty_space height=&#8221;45px&#8221; el_class=&#8221;hide-for-large&#8221;][vc_row_inner equal_height=&#8221;yes&#8221; content_placement=&#8221;middle&#8221; el_class=&#8221;row no-padding-vc&#8221;][vc_column_inner el_class=&#8221;large-order-1&#8243; width=&#8221;1\/2&#8243;][vc_column_text el_class=&#8221;center-overlapped-images&#8221;]<\/p>\n<div class=\"image-overlap\"><img loading=\"lazy\" decoding=\"async\" class=\"bg-img alignnone size-full wp-image-57\" src=\"\/wp-content\/uploads\/2023\/01\/home-section_2-bg-img_1.png\" alt=\"\" width=\"628\" height=\"494\"><br \/>\n<img loading=\"lazy\" decoding=\"async\" class=\"primary-img alignnone size-full wp-image-58\" src=\"\/wp-content\/uploads\/2023\/01\/home-section_2-img_1.png\" alt=\"\" width=\"626\" height=\"494\"><\/div>\n<p>[\/vc_column_text][\/vc_column_inner][vc_column_inner el_class=&#8221;large-order-0&#8243; width=&#8221;1\/2&#8243;][vc_column_text el_class=&#8221;text-center large-text-left extra-large-padding-right-for-large&#8221;]<\/p>\n<h2 class=\"margin-bottom-2point5rem\">Sobre nosotros<\/h2>\n<p class=\"margin-bottom-1point5rem\">Todas las personas merecen la mejor oportunidad para vivir y triunfar. Podemos ayudarle.<\/p>\n<p class=\"margin-bottom-2point5rem\">Con nuestros interminables recursos a los proveedores de salud de NYC, as\u00ed como la comprensi\u00f3n de los programas de servicios de exenci\u00f3n del estado, hacemos encontrar ayuda para usted a la vez f\u00e1cil y eficiente. Ni\u00f1os m\u00e1s felices, familias fortalecidas y vidas cambiadas: ese es nuestro objetivo. \u00bfEn qu\u00e9 podemos ayudarle?<\/p>\n<p><a class=\"button text-transform-uppercase no-margin-bottom\" href=\"https:\/\/www.progen.org\/es\/sobre-nosotros\/\">m\u00e1s sobre nosotros<\/a>[\/vc_column_text][\/vc_column_inner][\/vc_row_inner][vc_empty_space height=&#8221;90px&#8221; el_class=&#8221;show-for-large&#8221;][vc_empty_space height=&#8221;45px&#8221; el_class=&#8221;hide-for-large&#8221;][\/vc_column][\/vc_row][\/vc_section][vc_section el_id=&#8221;home-section_3&#8243; el_class=&#8221;bg-color-secondary-light&#8221;][vc_row][vc_column][vc_empty_space height=&#8221;90px&#8221; el_class=&#8221;show-for-large&#8221;][vc_empty_space height=&#8221;45px&#8221; el_class=&#8221;hide-for-large&#8221;][vc_row_inner equal_height=&#8221;yes&#8221; content_placement=&#8221;middle&#8221; el_class=&#8221;row no-padding-vc&#8221;][vc_column_inner el_class=&#8221;columns small-12 large-8 large-offset-2&#8243;][vc_column_text el_class=&#8221;text-center&#8221;]<\/p>\n<h2 class=\"margin-bottom-1point5rem\">Encontrar los servicios adecuados<\/h2>\n<div class=\"tw-text-sm\">Ayudamos a poner en contacto a las personas con servicios asequibles, recursos y atenci\u00f3n profesional. Nuestro equipo le acompa\u00f1a en cada paso del camino, inform\u00e1ndole sobre los pasos a seguir para aprovechar los servicios disponibles y obtener la ayuda adicional que necesita. Los servicios disponibles est\u00e1n hechos a medida y se determinan caso por caso, y pueden incluir lo siguiente:<\/div>\n<p>[\/vc_column_text][\/vc_column_inner][\/vc_row_inner][vc_empty_space height=&#8221;90px&#8221; el_class=&#8221;show-for-large&#8221;][vc_empty_space height=&#8221;45px&#8221; el_class=&#8221;hide-for-large&#8221;][vc_row_inner equal_height=&#8221;yes&#8221; el_class=&#8221;row no-padding-vc&#8221;][vc_column_inner el_class=&#8221;hover-up&#8221; width=&#8221;1\/3&#8243;][vc_column_text el_class=&#8221;text-center&#8221;]<\/p>\n<div class=\"card no-padding\" data-equalizer=\"\">\n<p class=\"margin-bottom-2point5rem\"><img decoding=\"async\" class=\"alignnone size-full wp-image-29\" src=\"\/wp-content\/uploads\/2023\/01\/home-section_3-img_1.png\" alt=\"\" width=\"100%\" height=\"212\" srcset=\"https:\/\/www.progen.org\/wp-content\/uploads\/2023\/01\/home-section_3-img_1.png 450w, https:\/\/www.progen.org\/wp-content\/uploads\/2023\/01\/home-section_3-img_1-300x141.png 300w\" sizes=\"(max-width: 450px) 100vw, 450px\" \/><\/p>\n<div class=\"card-content\">\n<h3 class=\"margin-bottom-2rem\">Gesti\u00f3n de los cuidados<\/h3>\n<p class=\"margin-bottom-0\">Un gestor de cuidados designado comenzar\u00e1 a evaluar las necesidades y la situaci\u00f3n de su familia, al tiempo que la asistir\u00e1 en lo necesario. Tambi\u00e9n sugerir\u00e1n otras intervenciones si es necesario.<\/p>\n<\/div>\n<p><a class=\"button secondary text-transform-uppercase margin-bottom-3rem\" href=\"https:\/\/www.progen.org\/es\/servicios\/gestion-de-los-cuidados\/\"><span class=\"\">M\u00e1s informaci\u00f3n<\/span><img loading=\"lazy\" decoding=\"async\" class=\"alignnone size-full wp-image-48\" src=\"\/wp-content\/uploads\/2023\/01\/right-arrow-icon.png\" alt=\"\" width=\"18\" height=\"18\"><\/a><\/div>\n<p>[\/vc_column_text][vc_empty_space height=&#8221;24px&#8221; el_class=&#8221;hide-for-large&#8221;][\/vc_column_inner][vc_column_inner el_class=&#8221;hover-up&#8221; width=&#8221;1\/3&#8243;][vc_column_text el_class=&#8221;text-center&#8221;]<\/p>\n<div class=\"card no-padding\" data-equalizer=\"\">\n<p class=\"margin-bottom-2point5rem\"><img decoding=\"async\" class=\"alignnone size-full wp-image-35\" src=\"\/wp-content\/uploads\/2023\/01\/home-section_3-img_2.png\" alt=\"\" width=\"100%\" height=\"212\" srcset=\"https:\/\/www.progen.org\/wp-content\/uploads\/2023\/01\/home-section_3-img_2.png 450w, https:\/\/www.progen.org\/wp-content\/uploads\/2023\/01\/home-section_3-img_2-300x141.png 300w\" sizes=\"(max-width: 450px) 100vw, 450px\" \/><\/p>\n<div class=\"card-content\">\n<h3 class=\"margin-bottom-2rem\">Rehabilitaci\u00f3n comunitaria<\/h3>\n<p class=\"margin-bottom-0\">\u00a1El conocimiento es poder! Con los conocimientos adquiridos durante nuestras sesiones individuales, su hijo puede desarrollar sus habilidades para la vida diaria en un esfuerzo por mejorar su independencia.<\/p>\n<\/div>\n<p><a class=\"button secondary text-transform-uppercase margin-bottom-3rem\" href=\"https:\/\/www.progen.org\/es\/servicios\/rehabilitacion-comunitaria\/\"><span class=\"\">M\u00e1s informaci\u00f3n<\/span><img loading=\"lazy\" decoding=\"async\" class=\"alignnone size-full wp-image-48\" src=\"\/wp-content\/uploads\/2023\/01\/right-arrow-icon.png\" alt=\"\" width=\"18\" height=\"18\"><\/a><\/div>\n<p>[\/vc_column_text][vc_empty_space height=&#8221;24px&#8221; el_class=&#8221;hide-for-large&#8221;][\/vc_column_inner][vc_column_inner el_class=&#8221;hover-up&#8221; width=&#8221;1\/3&#8243;][vc_column_text el_class=&#8221;text-center&#8221;]<\/p>\n<div class=\"card no-padding\" data-equalizer=\"\">\n<p class=\"margin-bottom-2point5rem\"><img decoding=\"async\" class=\"alignnone size-full wp-image-36\" src=\"\/wp-content\/uploads\/2023\/01\/home-section_3-img_3.png\" alt=\"\" width=\"100%\" height=\"212\" srcset=\"https:\/\/www.progen.org\/wp-content\/uploads\/2023\/01\/home-section_3-img_3.png 450w, https:\/\/www.progen.org\/wp-content\/uploads\/2023\/01\/home-section_3-img_3-300x141.png 300w\" sizes=\"(max-width: 450px) 100vw, 450px\" \/><\/p>\n<div class=\"card-content\">\n<h3 class=\"margin-bottom-2rem\">Defensa de la Comunidad<\/h3>\n<p class=\"margin-bottom-0\">La confianza es la clave. Personas formadas trabajar\u00e1n con su hijo en clases relacionadas con el talento para permitir la socializaci\u00f3n y aumentar la confianza tanto de usted como de su ser querido.<\/p>\n<\/div>\n<p><a class=\"button secondary text-transform-uppercase margin-bottom-3rem\" href=\"https:\/\/www.progen.org\/es\/servicios\/defensa-de-la-comunidad\/\"><span class=\"\">M\u00e1s informaci\u00f3n<\/span><img loading=\"lazy\" decoding=\"async\" class=\"alignnone size-full wp-image-48\" src=\"\/wp-content\/uploads\/2023\/01\/right-arrow-icon.png\" alt=\"\" width=\"18\" height=\"18\"><\/a><\/div>\n<p>[\/vc_column_text][\/vc_column_inner][\/vc_row_inner][vc_empty_space height=&#8221;45px&#8221;][vc_row_inner equal_height=&#8221;yes&#8221; el_class=&#8221;row no-padding-vc&#8221;][vc_column_inner el_class=&#8221;hover-up&#8221; width=&#8221;1\/3&#8243;][vc_column_text el_class=&#8221;text-center&#8221;]<\/p>\n<div class=\"card no-padding\" data-equalizer-watch=\"medium\">\n<p class=\"margin-bottom-2point5rem\"><img decoding=\"async\" class=\"alignnone size-full wp-image-29\" src=\"\/wp-content\/uploads\/2023\/01\/home-section_3-img_4.png\" alt=\"\" width=\"100%\" height=\"212\"><\/p>\n<div class=\"card-content\">\n<h3 class=\"margin-bottom-2rem\">Apoyo al cuidador familiar<\/h3>\n<p class=\"margin-bottom-0\">Un poco de ayuda viene muy bien. Podemos ofrecerle consultas y asistencia a domicilio para mejorar el modo de vida de su familia.<\/p>\n<\/div>\n<p><a class=\"button secondary text-transform-uppercase margin-bottom-3rem\" href=\"\/services\/family-caregiver-support\"><span class=\"\">M\u00e1s informaci\u00f3n<\/span><img loading=\"lazy\" decoding=\"async\" class=\"alignnone size-full wp-image-48\" src=\"\/wp-content\/uploads\/2023\/01\/right-arrow-icon.png\" alt=\"\" width=\"18\" height=\"18\"><\/a><\/div>\n<p>[\/vc_column_text][vc_empty_space height=&#8221;24px&#8221; el_class=&#8221;hide-for-large&#8221;][\/vc_column_inner][vc_column_inner el_class=&#8221;hover-up&#8221; width=&#8221;1\/3&#8243;][vc_column_text el_class=&#8221;text-center&#8221;]<\/p>\n<div class=\"card no-padding\" data-equalizer-watch=\"medium\">\n<p class=\"margin-bottom-2point5rem\"><img decoding=\"async\" class=\"alignnone size-full wp-image-35\" src=\"\/wp-content\/uploads\/2023\/01\/home-section_3-img_5.png\" alt=\"\" width=\"100%\" height=\"212\"><\/p>\n<div class=\"card-content\">\n<h3 class=\"margin-bottom-2rem\">Servicios preprofesionales<\/h3>\n<p class=\"margin-bottom-0\">El \u00e9xito empieza paso a paso.<br \/>\nLos servicios preprofesionales proporcionan a su hijo la preparaci\u00f3n y la disposici\u00f3n para adquirir las habilidades b\u00e1sicas generales necesarias para tener la oportunidad de prosperar en un puesto de trabajo.<\/p>\n<\/div>\n<p><a class=\"button secondary text-transform-uppercase margin-bottom-3rem\" href=\"https:\/\/www.progen.org\/es\/servicios\/servicios-preprofesionales\/\"><span class=\"\">M\u00e1s informaci\u00f3n<\/span><img loading=\"lazy\" decoding=\"async\" class=\"alignnone size-full wp-image-48\" src=\"\/wp-content\/uploads\/2023\/01\/right-arrow-icon.png\" alt=\"\" width=\"18\" height=\"18\"><\/a><\/div>\n<p>[\/vc_column_text][vc_empty_space height=&#8221;24px&#8221; el_class=&#8221;hide-for-large&#8221;][\/vc_column_inner][vc_column_inner el_class=&#8221;hover-up&#8221; width=&#8221;1\/3&#8243;][vc_column_text el_class=&#8221;text-center&#8221;]<\/p>\n<div class=\"card no-padding\" data-equalizer-watch=\"medium\">\n<p class=\"margin-bottom-2point5rem\"><img decoding=\"async\" class=\"alignnone size-full wp-image-36\" src=\"\/wp-content\/uploads\/2023\/01\/home-section_3-img_6.png\" alt=\"\" width=\"100%\" height=\"212\"><\/p>\n<div class=\"card-content\">\n<h3 class=\"margin-bottom-2rem\">Servicios de respiro<\/h3>\n<p class=\"margin-bottom-0\">Todo el mundo necesita un descanso. Nuestro servicio de relevo le permitir\u00e1 disponer de algo de tiempo a solas para ponerse al d\u00eda en la vida mientras su hijo est\u00e1 fuera realizando actividades recreativas.<\/p>\n<\/div>\n<p><a class=\"button secondary text-transform-uppercase margin-bottom-3rem\" href=\"https:\/\/www.progen.org\/es\/servicios\/servicios-de-respiro\/\"><span class=\"\">M\u00e1s informaci\u00f3n<\/span><img loading=\"lazy\" decoding=\"async\" class=\"alignnone size-full wp-image-48\" src=\"\/wp-content\/uploads\/2023\/01\/right-arrow-icon.png\" alt=\"\" width=\"18\" height=\"18\"><\/a><\/div>\n<p>[\/vc_column_text][\/vc_column_inner][\/vc_row_inner][vc_empty_space height=&#8221;45px&#8221;][vc_row_inner equal_height=&#8221;yes&#8221; el_class=&#8221;row no-padding-vc&#8221;][vc_column_inner el_class=&#8221;hover-up&#8221; width=&#8221;1\/3&#8243;][vc_column_text el_class=&#8221;text-center&#8221;]<\/p>\n<div class=\"card no-padding\" data-equalizer-watch=\"medium\">\n<p class=\"margin-bottom-2point5rem\"><img decoding=\"async\" class=\"alignnone size-full wp-image-524\" src=\"\/wp-content\/uploads\/2023\/04\/home-section_3-img_7.png\" alt=\"\" width=\"100%\" height=\"212\" srcset=\"https:\/\/www.progen.org\/wp-content\/uploads\/2023\/04\/home-section_3-img_7.png 450w, https:\/\/www.progen.org\/wp-content\/uploads\/2023\/04\/home-section_3-img_7-300x141.png 300w\" sizes=\"(max-width: 450px) 100vw, 450px\" \/><\/p>\n<div class=\"card-content\">\n<h3 class=\"margin-bottom-2rem\">Terapia ABA<\/h3>\n<p class=\"margin-bottom-0\">Tratamiento adaptado de forma \u00fanica que ayuda a cualquier ni\u00f1o del espectro a aumentar los comportamientos que son \u00fatiles y a disminuir los que son perjudiciales.<\/p>\n<\/div>\n<p><a class=\"button secondary text-transform-uppercase margin-bottom-3rem\" href=\"https:\/\/www.progen.org\/es\/servicios\/terapia-aba\/\"><span class=\"\">M\u00e1s informaci\u00f3n<\/span><img loading=\"lazy\" decoding=\"async\" class=\"alignnone size-full wp-image-48\" src=\"\/wp-content\/uploads\/2023\/01\/right-arrow-icon.png\" alt=\"\" width=\"18\" height=\"18\"><\/a><\/div>\n<p>[\/vc_column_text][vc_empty_space height=&#8221;24px&#8221; el_class=&#8221;hide-for-large&#8221;][\/vc_column_inner][vc_column_inner el_class=&#8221;hover-up&#8221; width=&#8221;1\/3&#8243;][vc_column_text el_class=&#8221;text-center&#8221;]<\/p>\n<div class=\"card no-padding\" data-equalizer-watch=\"medium\">\n<p class=\"margin-bottom-2point5rem\"><img decoding=\"async\" class=\"alignnone size-full wp-image-525\" src=\"\/wp-content\/uploads\/2023\/04\/home-section_3-img_8.png\" alt=\"\" width=\"100%\" height=\"212\" srcset=\"https:\/\/www.progen.org\/wp-content\/uploads\/2023\/04\/home-section_3-img_8.png 450w, https:\/\/www.progen.org\/wp-content\/uploads\/2023\/04\/home-section_3-img_8-300x141.png 300w\" sizes=\"(max-width: 450px) 100vw, 450px\" \/><\/p>\n<div class=\"card-content\">\n<h3 class=\"margin-bottom-2rem\">Intensivo a domicilio<\/h3>\n<p class=\"margin-bottom-0\">Algunos casos son m\u00e1s graves que otros y pueden requerir apoyo, orientaci\u00f3n y participaci\u00f3n intensivos. Para apoyar el desarrollo social y emocional del ni\u00f1o, las estrategias se dise\u00f1an teniendo en cuenta al individuo.<\/p>\n<\/div>\n<p><a class=\"button secondary text-transform-uppercase margin-bottom-3rem\" href=\"https:\/\/www.progen.org\/es\/servicios\/intensivo-a-domicilio\/\"><span class=\"\">M\u00e1s informaci\u00f3n<\/span><img loading=\"lazy\" decoding=\"async\" class=\"alignnone size-full wp-image-48\" src=\"\/wp-content\/uploads\/2023\/01\/right-arrow-icon.png\" alt=\"\" width=\"18\" height=\"18\"><\/a><\/div>\n<p>[\/vc_column_text][vc_empty_space height=&#8221;24px&#8221; el_class=&#8221;hide-for-large&#8221;][\/vc_column_inner][vc_column_inner el_class=&#8221;hover-up&#8221; width=&#8221;1\/3&#8243;][vc_column_text el_class=&#8221;text-center&#8221;]<\/p>\n<div class=\"card no-padding\" data-equalizer-watch=\"medium\">\n<p class=\"margin-bottom-2point5rem\"><img decoding=\"async\" class=\"alignnone size-full wp-image-526\" src=\"\/wp-content\/uploads\/2023\/04\/home-section_3-img_9.png\" alt=\"\" width=\"100%\" height=\"212\" srcset=\"https:\/\/www.progen.org\/wp-content\/uploads\/2023\/04\/home-section_3-img_9.png 450w, https:\/\/www.progen.org\/wp-content\/uploads\/2023\/04\/home-section_3-img_9-300x141.png 300w\" sizes=\"(max-width: 450px) 100vw, 450px\" \/><\/p>\n<div class=\"card-content\">\n<h3 class=\"margin-bottom-2rem\">Defensa juvenil entre iguales<\/h3>\n<p class=\"margin-bottom-0\">A trav\u00e9s de la resoluci\u00f3n de problemas, la tutor\u00eda, la exploraci\u00f3n de recursos comunitarios y el apoyo en habilidades para la vida, este servicio puede promover habilidades para afrontar y gestionar problemas de salud por parte de personas que han experimentado de primera mano estas necesidades sanitarias.<\/p>\n<\/div>\n<p><a class=\"button secondary text-transform-uppercase margin-bottom-3rem\" href=\"https:\/\/www.progen.org\/es\/servicios\/defensa-juvenil-entre-iguales\/\"><span class=\"\">M\u00e1s informaci\u00f3n<\/span><img loading=\"lazy\" decoding=\"async\" class=\"alignnone size-full wp-image-48\" src=\"\/wp-content\/uploads\/2023\/01\/right-arrow-icon.png\" alt=\"\" width=\"18\" height=\"18\"><\/a><\/div>\n<p>[\/vc_column_text][\/vc_column_inner][\/vc_row_inner][vc_empty_space height=&#8221;45px&#8221;][vc_row_inner equal_height=&#8221;yes&#8221; el_class=&#8221;row no-padding-vc&#8221;][vc_column_inner el_class=&#8221;hover-up&#8221; width=&#8221;1\/3&#8243;][vc_column_text el_class=&#8221;text-center&#8221;]<\/p>\n<div class=\"card no-padding\" data-equalizer-watch=\"medium\">\n<p class=\"margin-bottom-2point5rem\"><img decoding=\"async\" class=\"alignnone size-full wp-image-527\" src=\"\/wp-content\/uploads\/2023\/04\/home-section_3-img_10.png\" alt=\"\" width=\"100%\" height=\"212\" srcset=\"https:\/\/www.progen.org\/wp-content\/uploads\/2023\/04\/home-section_3-img_10.png 450w, https:\/\/www.progen.org\/wp-content\/uploads\/2023\/04\/home-section_3-img_10-300x141.png 300w\" sizes=\"(max-width: 450px) 100vw, 450px\" \/><\/p>\n<div class=\"card-content\">\n<h3 class=\"margin-bottom-2rem\">Apoyo familiar entre iguales<\/h3>\n<p class=\"margin-bottom-0\">Aproveche los conocimientos y recursos de otras personas que han experimentado lo mismo que usted, para tomar decisiones con conocimiento de causa, localizar m\u00e1s informaci\u00f3n y encontrar un equipo de apoyo que se adapte a su situaci\u00f3n.<\/p>\n<\/div>\n<p><a class=\"button secondary text-transform-uppercase margin-bottom-3rem\" href=\"https:\/\/www.progen.org\/es\/servicios\/apoyo-familiar-entre-iguales\/\"><span class=\"\">M\u00e1s informaci\u00f3n<\/span><img loading=\"lazy\" decoding=\"async\" class=\"alignnone size-full wp-image-48\" src=\"\/wp-content\/uploads\/2023\/01\/right-arrow-icon.png\" alt=\"\" width=\"18\" height=\"18\"><\/a><\/div>\n<p>[\/vc_column_text][vc_empty_space height=&#8221;24px&#8221; el_class=&#8221;hide-for-large&#8221;][\/vc_column_inner][vc_column_inner el_class=&#8221;hover-up&#8221; width=&#8221;1\/3&#8243;][vc_column_text el_class=&#8221;text-center&#8221;]<\/p>\n<div class=\"card no-padding\" data-equalizer-watch=\"medium\">\n<p class=\"margin-bottom-2point5rem\"><img decoding=\"async\" class=\"alignnone size-full wp-image-528\" src=\"\/wp-content\/uploads\/2023\/04\/home-section_3-img_11.png\" alt=\"\" width=\"100%\" height=\"212\" srcset=\"https:\/\/www.progen.org\/wp-content\/uploads\/2023\/04\/home-section_3-img_11.png 450w, https:\/\/www.progen.org\/wp-content\/uploads\/2023\/04\/home-section_3-img_11-300x141.png 300w\" sizes=\"(max-width: 450px) 100vw, 450px\" \/><\/p>\n<div class=\"card-content\">\n<h3 class=\"margin-bottom-2rem\">Intervenci\u00f3n en crisis<\/h3>\n<p class=\"margin-bottom-0\">Algunas situaciones no pueden ser gestionadas por la familia, los amigos y otros apoyos. Los profesionales ayudar\u00e1n en casa o en la comunidad para apoyar y ayudar con el uso de planes de crisis para desescalar la crisis y prevenir o reducir futuras crisis.<\/p>\n<\/div>\n<p><a class=\"button secondary text-transform-uppercase margin-bottom-3rem\" href=\"https:\/\/www.progen.org\/es\/servicios\/intervencion-en-crisis\/\"><span class=\"\">M\u00e1s informaci\u00f3n<\/span><img loading=\"lazy\" decoding=\"async\" class=\"alignnone size-full wp-image-48\" src=\"\/wp-content\/uploads\/2023\/01\/right-arrow-icon.png\" alt=\"\" width=\"18\" height=\"18\"><\/a><\/div>\n<p>[\/vc_column_text][vc_empty_space height=&#8221;24px&#8221; el_class=&#8221;hide-for-large&#8221;][\/vc_column_inner][vc_column_inner el_class=&#8221;hover-up&#8221; width=&#8221;1\/3&#8243;][vc_column_text el_class=&#8221;text-center&#8221;]<\/p>\n<div class=\"card no-padding\" data-equalizer-watch=\"medium\">\n<p class=\"margin-bottom-2point5rem\"><img decoding=\"async\" class=\"alignnone size-full wp-image-529\" src=\"\/wp-content\/uploads\/2023\/04\/home-section_3-img_12.png\" alt=\"\" width=\"100%\" height=\"212\" srcset=\"https:\/\/www.progen.org\/wp-content\/uploads\/2023\/04\/home-section_3-img_12.png 450w, https:\/\/www.progen.org\/wp-content\/uploads\/2023\/04\/home-section_3-img_12-300x141.png 300w\" sizes=\"(max-width: 450px) 100vw, 450px\" \/><\/p>\n<div class=\"card-content\">\n<h3 class=\"margin-bottom-2rem\">Desarrollo de habilidades<\/h3>\n<p class=\"margin-bottom-0\">El \u00e9xito empieza por conocer tus puntos fuertes y d\u00e9biles, y luego aprender a utilizarlos en tu beneficio. Se dise\u00f1ar\u00e1n y ofrecer\u00e1n actividades que ayuden a los ni\u00f1os a desarrollar habilidades para realizar tareas adecuadas a su edad, necesarias para vivir con \u00e9xito en sus hogares y comunidades.<\/p>\n<\/div>\n<p><a class=\"button secondary text-transform-uppercase margin-bottom-3rem\" href=\"https:\/\/www.progen.org\/es\/servicios\/desarrollo-de-habilidades\/\"><span class=\"\">M\u00e1s informaci\u00f3n<\/span><img loading=\"lazy\" decoding=\"async\" class=\"alignnone size-full wp-image-48\" src=\"\/wp-content\/uploads\/2023\/01\/right-arrow-icon.png\" alt=\"\" width=\"18\" height=\"18\"><\/a><\/div>\n<p>[\/vc_column_text][\/vc_column_inner][\/vc_row_inner][vc_empty_space height=&#8221;90px&#8221; el_class=&#8221;show-for-large&#8221;][vc_empty_space height=&#8221;45px&#8221; el_class=&#8221;hide-for-large&#8221;][\/vc_column][\/vc_row][\/vc_section][vc_section el_id=&#8221;home-section_4&#8243;][vc_row][vc_column][vc_row_inner equal_height=&#8221;yes&#8221; content_placement=&#8221;middle&#8221; el_class=&#8221;row no-padding-vc expanded&#8221;][vc_column_inner el_class=&#8221;no-padding&#8221; width=&#8221;1\/2&#8243;][vc_column_text el_class=&#8221;text-center&#8221;]<img decoding=\"async\" class=\"alignnone size-full wp-image-57\" src=\"\/wp-content\/uploads\/2023\/01\/home-section_4-img_1.png\" alt=\"\" width=\"100%\" height=\"601\" srcset=\"https:\/\/www.progen.org\/wp-content\/uploads\/2023\/01\/home-section_4-img_1.png 962w, https:\/\/www.progen.org\/wp-content\/uploads\/2023\/01\/home-section_4-img_1-300x187.png 300w, https:\/\/www.progen.org\/wp-content\/uploads\/2023\/01\/home-section_4-img_1-768x480.png 768w\" sizes=\"(max-width: 962px) 100vw, 962px\" \/>[\/vc_column_text][\/vc_column_inner][vc_column_inner el_class=&#8221;no-padding&#8221; width=&#8221;1\/2&#8243; css=&#8221;.vc_custom_1674107507369{background-image: url(https:\/\/www.progen.org\/wp-content\/uploads\/2023\/01\/home-section_4-img_2.png?id=60) !important;background-position: center !important;background-repeat: no-repeat !important;background-size: cover !important;}&#8221;][vc_empty_space height=&#8221;24px&#8221; el_class=&#8221;hide-for-large&#8221;][vc_column_text el_class=&#8221;text-center large-text-left extra-large-padding-left-for-large extra-large-padding-right-for-large&#8221;]<\/p>\n<h2 class=\"margin-bottom-2point5rem font-color-white\">M\u00e1s informaci\u00f3n<\/h2>\n<p class=\"margin-bottom-2point5rem font-color-white\">Usted quiere darle a su hijo lo mejor en la vida, y nosotros podemos ayudarle a conseguirlo. Orientamos a la pr\u00f3xima generaci\u00f3n para que se apropie de los recursos que sean viables desde el punto de vista financiero y eficaces para hacer frente a necesidades \u00fanicas.<\/p>\n<p><a class=\"button text-transform-uppercase no-margin-bottom\" href=\"https:\/\/www.progen.org\/es\/sobre-nosotros\/\">Comenzar mi viaje ahora<br \/>\n<\/a>[\/vc_column_text][vc_empty_space height=&#8221;24px&#8221; el_class=&#8221;hide-for-large&#8221;][\/vc_column_inner][\/vc_row_inner][vc_empty_space height=&#8221;90px&#8221; el_class=&#8221;show-for-large&#8221;][vc_empty_space height=&#8221;45px&#8221; el_class=&#8221;hide-for-large&#8221;][\/vc_column][\/vc_row][\/vc_section][vc_section el_id=&#8221;home-section_5&#8243; el_class=&#8221;bg-color-secondary-light-gradient&#8221;][vc_row][vc_column][vc_empty_space height=&#8221;90px&#8221; el_class=&#8221;show-for-large&#8221;][vc_empty_space height=&#8221;45px&#8221; el_class=&#8221;hide-for-large&#8221;][vc_row_inner equal_height=&#8221;yes&#8221; content_placement=&#8221;middle&#8221; el_class=&#8221;row no-padding-vc&#8221;][vc_column_inner el_class=&#8221;columns small-12 large-8 large-offset-2&#8243;][vc_column_text el_class=&#8221;text-center&#8221;]<\/p>\n<h2 class=\"margin-bottom-1point5rem\">Lo que dicen de nosotros<\/h2>\n<p class=\"margin-bottom-0\">Esto es lo que otros tienen que decir sobre sus experiencias con nosotros.<\/p>\n<p>[\/vc_column_text][\/vc_column_inner][\/vc_row_inner][vc_empty_space height=&#8221;90px&#8221; el_class=&#8221;show-for-large&#8221;][vc_empty_space height=&#8221;45px&#8221; el_class=&#8221;hide-for-large&#8221;][vc_row_inner equal_height=&#8221;yes&#8221; content_placement=&#8221;middle&#8221; el_class=&#8221;row no-padding-vc&#8221;][vc_column_inner][vc_raw_html]PGRpdiBpZD0idGVzdGltb25pYWxzIj4KICAgIDxkaXYgY2xhc3M9InN3aXBlci1jb250YWluZXIiPgogICAgICAgIDxkaXYgY2xhc3M9InN3aXBlci13cmFwcGVyIj4KICAgICAgICAgICAgPGRpdiBjbGFzcz0ic3dpcGVyLXNsaWRlIj4KICAgICAgICAgICAgICAgIDxkaXYgY2xhc3M9ImNhcmQiIGRhdGEtZXF1YWxpemUtb249Im1lZGl1bSI+CiAgICAgICAgICAgICAgICAgICAgPHAgY2xhc3M9InRleHQtY2VudGVyIG1hcmdpbi1ib3R0b20tMXBvaW50NXJlbSI+Ik51ZXN0cmEgZmFtaWxpYSBoYSBwYXNhZG8gcG9yIG11Y2hhcyBjb3NhcyBkZXNkZSBxdWUgYSBtaSBoaWphIGxlIGRpYWdub3N0aWNhcm9uCiAgYW5zaWVkYWQgeSBkZXByZXNpw7NuLiBIYSBzaWRvIHVuIGxhcmdvIGNhbWlubywgcGVybyBQcm9nZW4gQ2FyZSBoYSBzaWRvCiAgY29uIG5vc290cm9zIGVuIHRvZG8gbW9tZW50by4gU3VzIHRlcmFwZXV0YXMgc29uIGV4cGVydG9zIHkgYXRlbnRvcywKICB5IHBhY2llbnRlLCB5IGhhbiBheXVkYWRvIGEgbWkgaGlqYSBhIGFwcmVuZGVyIGhhYmlsaWRhZGVzIGRlIGFmcm9udGFtaWVudG8geQogIGNyZWFyIHVuYSByZWQgZGUgYXBveW8uIEhlbW9zIHZpc3RvIHVuYSBncmFuIGRpZmVyZW5jaWEgZW4gZWxsYSBkZXNkZSBxdWUKICBpbmljaWFyIGVsIHRyYXRhbWllbnRvLCB5IG5vIHB1ZWRvIHJlY29tZW5kYXIgUHJvZ2VuIENhcmUKICBzdWZpY2llbnRlIGEgb3Ryb3MgcGFkcmVzIGVuIGxhIG1pc21hIHNpdHVhY2nDs24iLjwvcD4KICAgICAgICAgICAgICAgICAgICAgICAgPHAgY2xhc3M9ImZvbnQtY29sb3ItcHJpbWFyeSBmb250LXdlaWdodC1ib2xkIGJpZyB0ZXh0LWNlbnRlciI+LSBKdWxpYTwvcD4KICAgICAgICAgICAgICAgIDwvZGl2PgogICAgICAgICAgICA8L2Rpdj4KICAgICAgICAgICAgPGRpdiBjbGFzcz0ic3dpcGVyLXNsaWRlIj4KICAgICAgICAgICAgICAgIDxkaXYgY2xhc3M9ImNhcmQiIGRhdGEtZXF1YWxpemUtb249Im1lZGl1bSI+CiAgICAgICAgICAgICAgICAgICAgPHAgY2xhc3M9InRleHQtY2VudGVyIG1hcmdpbi1ib3R0b20tMXBvaW50NXJlbSI+IkVzdGFiYSBhbCBsw61taXRlIGRlIG1pcyBmdWVyemFzIGN1YW5kbyBwZWTDrSBheXVkYSBhIFByb2dlbiBDYXJlLgogIGNvbiBsYSBzYWx1ZCBtZW50YWwgZGUgbWkgaGlqby4gw4lsIGVzdGFiYSBsdWNoYW5kbyBjb24gYW5zaWVkYWQgc2V2ZXJhIHkgZnVlCiAgYWZlY3RhbmRvIGEgdG9kb3MgbG9zIGFzcGVjdG9zIGRlIHN1IHZpZGEuIE5vIHNhYsOtYSBjw7NtbyBheXVkYXJsZSB5IHRlbsOtYSBtaWVkby4KICBQZXJvIFByb2dlbiBDYXJlIG5vcyBkaW8gZXNwZXJhbnphcy4gRXNjdWNoYXJvbiBudWVzdHJhcyBwcmVvY3VwYWNpb25lcywgcmVzcG9uZGllcm9uCiAgbnVlc3RyYXMgcHJlZ3VudGFzLCB5IG5vcyBwcm9wb3JjaW9uw7MgZWwgYXBveW8gcXVlIG5lY2VzaXTDoWJhbW9zIHBhcmEgc3VwZXJhcgogIGVzdGUgZHVybyBtb21lbnRvLiBIYSBzaWRvIHVuIGxhcmdvIHZpYWplLCBwZXJvIGNvbiBsYSBheXVkYSBkZSBQcm9nZW4gQ2FyZSwKICBtaSBoaWpvIGVzdMOhIGFob3JhIGVuIHbDrWFzIGRlIHJlY3VwZXJhY2nDs24geSB2aXZlIHVuYSB2aWRhIG3DoXMgZmVsaXogeSBzYWx1ZGFibGUuCiAgTm8gdGVuZ28gcGFsYWJyYXMgcGFyYSBhZ3JhZGVjZXJsZXMgdG9kbyBsbyBxdWUgaGFuIGhlY2hvIHBvciBudWVzdHJhIGZhbWlsaWEiLjwvcD4KICAgICAgICAgICAgICAgICAgICAgICAgPHAgY2xhc3M9ImZvbnQtY29sb3ItcHJpbWFyeSBmb250LXdlaWdodC1ib2xkIGJpZyB0ZXh0LWNlbnRlciI+LSBNYXJrIHkgU2FyYWg8L3A+CiAgICAgICAgICAgICAgICA8L2Rpdj4KICAgICAgICAgICAgPC9kaXY+CiAgICAgICAgPC9kaXY+CiAgICAgICAgPGRpdiBjbGFzcz0ic3dpcGVyLXBhZ2luYXRpb24iPjwvZGl2PgogICAgPC9kaXY+CjwvZGl2Pg==[\/vc_raw_html][\/vc_column_inner][\/vc_row_inner][vc_empty_space height=&#8221;90px&#8221; el_class=&#8221;show-for-large&#8221;][vc_empty_space height=&#8221;45px&#8221; el_class=&#8221;hide-for-large&#8221;][\/vc_column][\/vc_row][\/vc_section][vc_section disable_element=&#8221;yes&#8221; el_id=&#8221;home-section_6&#8243; css=&#8221;.vc_custom_1701263153991{border-bottom-width: 1px !important;border-bottom-color: #00bff2 !important;border-bottom-style: solid !important;}&#8221;][vc_row][vc_column][vc_empty_space height=&#8221;90px&#8221; el_class=&#8221;show-for-large&#8221;][vc_empty_space height=&#8221;45px&#8221; el_class=&#8221;hide-for-large&#8221;][vc_row_inner equal_height=&#8221;yes&#8221; content_placement=&#8221;middle&#8221; el_class=&#8221;row no-padding-vc&#8221;][vc_column_inner el_class=&#8221;columns small-12 large-8 large-offset-2&#8243;][vc_column_text el_class=&#8221;text-center&#8221;]<\/p>\n<h2 class=\"margin-bottom-1point5rem\">Recursos<\/h2>\n<p class=\"margin-bottom-0\">Como padre, es natural querer hacer todo lo posible por la salud de su hijo. Pero navegar por el mundo de los problemas de salud puede resultar abrumador, sobre todo cuando no se est\u00e1 seguro de ad\u00f3nde acudir o en qu\u00e9 creer. Por eso es importante disponer de recursos fiables y basados en pruebas a los que acudir en busca de informaci\u00f3n y orientaci\u00f3n. Con los conocimientos y el apoyo adecuados, podr\u00e1 comprender mejor las necesidades sanitarias de su hijo y ayudarle a encontrar los recursos y tratamientos que mejor se adapten a \u00e9l. He aqu\u00ed algunos recursos \u00fatiles para empezar:<\/p>\n<p>[\/vc_column_text][\/vc_column_inner][\/vc_row_inner][vc_empty_space height=&#8221;90px&#8221; el_class=&#8221;show-for-large&#8221;][vc_empty_space height=&#8221;45px&#8221; el_class=&#8221;hide-for-large&#8221;][vc_row_inner el_class=&#8221;row no-padding-vc&#8221;][vc_column_inner][vc_column_text]<div id=\"recent-post\" class=\"\"><div class=\"row post-row\" data-equalizer data-equalize-on=\"medium\"><div class=\"columns large-4 medium-6 small-12 text-center\"><div class=\"hide-for-xlarge\" style=\"height: 45px\"><\/div><div class=\"card post blog-box no-padding upper-buffer-1point5rem post-1892 post type-post status-publish format-standard has-post-thumbnail hentry category-services\"\r\n    data-href=\"https:\/\/www.progen.org\/blog\/benefits-of-aba-therapy-for-children\/\">\r\n    <div class=\"post-content\">\r\n        <div class=\"post-thumbnail-container margin-bottom-2rem position-relative\">\r\n            <div class=\"post-thumbnail text-center relative-border-bottom block-container\">\r\n                <a href=\"https:\/\/www.progen.org\/blog\/benefits-of-aba-therapy-for-children\/\" rel=\"bookmark\"\r\n                    title=\"7 Incredible Benefits of ABA Therapy for Children\">\r\n                                            <img decoding=\"async\" class=\"blog-img\" style=\"width: 100%;\" src=\"https:\/\/www.progen.org\/wp-content\/uploads\/2023\/08\/benefits-aba-therapy-children-cover-450x266.jpg\" alt=\"7 Incredible Benefits of ABA Therapy for Children\">\r\n                    \r\n                <\/a>\r\n            <\/div>\r\n        <\/div>\r\n\r\n\r\n\r\n        <div class=\"blog-content text-center\" data-equalizer-watch>\r\n            <div class=\"card-content\">\r\n                <h3 class=\"margin-bottom-1rem text-transform-uppercase\">\r\n                    7 Incredible Benefits of ABA Therapy for Children                <\/h3>\r\n                <p class=\"margin-bottom-2rem\">\r\n                    Parents always want the best for their children, especially if they face developmental challenges. Fortunately, effective treatments can make a difference in a child\u2019s life. One of the essential treatments that can help your child significantly is ...                <\/p>\r\n            <\/div>\r\n            <a class=\"button secondary text-transform-uppercase no-margin-bottom\"\r\n                href=\"https:\/\/www.progen.org\/blog\/benefits-of-aba-therapy-for-children\/\"><span class=\"\">read\r\n                    more<\/span><img loading=\"lazy\" decoding=\"async\" class=\"alignnone size-full wp-image-48\"\r\n                    src=\"\/wp-content\/uploads\/2023\/01\/right-arrow-icon.png\" alt=\"\" width=\"18\" height=\"18\"><\/a>\r\n            <div class=\"\" style=\"height: 45px\"><\/div>\r\n        <\/div>\r\n    <\/div>\r\n\r\n<\/div><\/div><div class=\"columns large-4 medium-6 small-12 text-center\"><div class=\"hide-for-xlarge\" style=\"height: 45px\"><\/div><div class=\"card post blog-box no-padding upper-buffer-1point5rem post-1858 post type-post status-publish format-standard has-post-thumbnail hentry category-uncategorized\"\r\n    data-href=\"https:\/\/www.progen.org\/blog\/c-yes-program-an-ideal-option-for-your-child\/\">\r\n    <div class=\"post-content\">\r\n        <div class=\"post-thumbnail-container margin-bottom-2rem position-relative\">\r\n            <div class=\"post-thumbnail text-center relative-border-bottom block-container\">\r\n                <a href=\"https:\/\/www.progen.org\/blog\/c-yes-program-an-ideal-option-for-your-child\/\" rel=\"bookmark\"\r\n                    title=\"What Makes the C-Yes Program an Ideal Option for Your Child?\">\r\n                                            <img decoding=\"async\" class=\"blog-img\" style=\"width: 100%;\" src=\"https:\/\/www.progen.org\/wp-content\/uploads\/2023\/08\/c-yes-program-ideal-option-your-child-cover-450x266.jpg\" alt=\"What Makes the C-Yes Program an Ideal Option for Your Child?\">\r\n                    \r\n                <\/a>\r\n            <\/div>\r\n        <\/div>\r\n\r\n\r\n\r\n        <div class=\"blog-content text-center\" data-equalizer-watch>\r\n            <div class=\"card-content\">\r\n                <h3 class=\"margin-bottom-1rem text-transform-uppercase\">\r\n                    What Makes the C-Yes Program an Ideal Option for Your Child?                <\/h3>\r\n                <p class=\"margin-bottom-2rem\">\r\n                    Prioritizing your child\u2019s well-being means ensuring that they have access to the best services available to them. However, most parents find that information about relevant services can be scarce and, when it is available, it\u2019s not clear. So, if ...                <\/p>\r\n            <\/div>\r\n            <a class=\"button secondary text-transform-uppercase no-margin-bottom\"\r\n                href=\"https:\/\/www.progen.org\/blog\/c-yes-program-an-ideal-option-for-your-child\/\"><span class=\"\">read\r\n                    more<\/span><img loading=\"lazy\" decoding=\"async\" class=\"alignnone size-full wp-image-48\"\r\n                    src=\"\/wp-content\/uploads\/2023\/01\/right-arrow-icon.png\" alt=\"\" width=\"18\" height=\"18\"><\/a>\r\n            <div class=\"\" style=\"height: 45px\"><\/div>\r\n        <\/div>\r\n    <\/div>\r\n\r\n<\/div><\/div><div class=\"columns large-4 medium-6 small-12 text-center\"><div class=\"hide-for-xlarge\" style=\"height: 45px\"><\/div><div class=\"card post blog-box no-padding upper-buffer-1point5rem post-1818 post type-post status-publish format-standard has-post-thumbnail hentry category-services\"\r\n    data-href=\"https:\/\/www.progen.org\/blog\/empowering-children-a-comprehensive-guide-to-owpdd-services\/\">\r\n    <div class=\"post-content\">\r\n        <div class=\"post-thumbnail-container margin-bottom-2rem position-relative\">\r\n            <div class=\"post-thumbnail text-center relative-border-bottom block-container\">\r\n                <a href=\"https:\/\/www.progen.org\/blog\/empowering-children-a-comprehensive-guide-to-owpdd-services\/\" rel=\"bookmark\"\r\n                    title=\"Empowering Children: A Comprehensive Guide to OWPDD Services\">\r\n                                            <img decoding=\"async\" class=\"blog-img\" style=\"width: 100%;\" src=\"https:\/\/www.progen.org\/wp-content\/uploads\/2023\/07\/owpdd-services-for-development-cover-450x266.jpg\" alt=\"Empowering Children: A Comprehensive Guide to OWPDD Services\">\r\n                    \r\n                <\/a>\r\n            <\/div>\r\n        <\/div>\r\n\r\n\r\n\r\n        <div class=\"blog-content text-center\" data-equalizer-watch>\r\n            <div class=\"card-content\">\r\n                <h3 class=\"margin-bottom-1rem text-transform-uppercase\">\r\n                    Empowering Children: A Comprehensive Guide to OWPDD Services                <\/h3>\r\n                <p class=\"margin-bottom-2rem\">\r\n                    Children with developmental disabilities face unique challenges that make achieving the same quality of life as children without these disabilities harder. Developmental disabilities include chronic conditions such as dyslexia, autism spectrum disord...                <\/p>\r\n            <\/div>\r\n            <a class=\"button secondary text-transform-uppercase no-margin-bottom\"\r\n                href=\"https:\/\/www.progen.org\/blog\/empowering-children-a-comprehensive-guide-to-owpdd-services\/\"><span class=\"\">read\r\n                    more<\/span><img loading=\"lazy\" decoding=\"async\" class=\"alignnone size-full wp-image-48\"\r\n                    src=\"\/wp-content\/uploads\/2023\/01\/right-arrow-icon.png\" alt=\"\" width=\"18\" height=\"18\"><\/a>\r\n            <div class=\"\" style=\"height: 45px\"><\/div>\r\n        <\/div>\r\n    <\/div>\r\n\r\n<\/div><\/div><\/div><\/div>[\/vc_column_text][\/vc_column_inner][\/vc_row_inner][vc_row_inner disable_element=&#8221;yes&#8221; el_class=&#8221;row no-padding-vc&#8221;][vc_column_inner el_class=&#8221;hover-up&#8221; width=&#8221;1\/3&#8243;][vc_column_text el_class=&#8221;text-center&#8221;]<\/p>\n<div class=\"card no-padding\" data-equalizer-watch=\"medium\">\n<p class=\"margin-bottom-2point5rem\"><img decoding=\"async\" class=\"alignnone size-full wp-image-73\" src=\"\/wp-content\/uploads\/2023\/01\/home-section_6-img_1.png\" alt=\"\" width=\"100%\" height=\"266\" srcset=\"https:\/\/www.progen.org\/wp-content\/uploads\/2023\/01\/home-section_6-img_1.png 450w, https:\/\/www.progen.org\/wp-content\/uploads\/2023\/01\/home-section_6-img_1-300x177.png 300w\" sizes=\"(max-width: 450px) 100vw, 450px\" \/><\/p>\n<div class=\"card-content\">\n<h3 class=\"margin-bottom-2rem\">5 maneras sencillas de apoyar la salud mental de su hijo cada d\u00eda<\/h3>\n<p class=\"margin-bottom-0\">Como padre, su trabajo consiste en apoyar y cuidar el bienestar f\u00edsico, emocional y mental de su hijo. Hay peque\u00f1as acciones cotidianas que puede llevar a cabo para marcar una gran diferencia en la salud mental de su hijo. He aqu\u00ed cinco maneras sencillas de apoyar la salud mental de su hijo cada d\u00eda.<\/p>\n<\/div>\n<p><a class=\"button secondary text-transform-uppercase margin-bottom-3rem\" href=\"https:\/\/www.progen.org\/es\/contacto\/\"><span class=\"\">Leer m\u00e1s<\/span><img loading=\"lazy\" decoding=\"async\" class=\"alignnone size-full wp-image-48\" src=\"\/wp-content\/uploads\/2023\/01\/right-arrow-icon.png\" alt=\"\" width=\"18\" height=\"18\"><\/a><\/div>\n<p>[\/vc_column_text][vc_empty_space height=&#8221;24px&#8221; el_class=&#8221;hide-for-large&#8221;][\/vc_column_inner][vc_column_inner el_class=&#8221;hover-up&#8221; width=&#8221;1\/3&#8243;][vc_column_text el_class=&#8221;text-center&#8221;]<\/p>\n<div class=\"card no-padding\" data-equalizer-watch=\"medium\">\n<p class=\"margin-bottom-2point5rem\"><img decoding=\"async\" class=\"alignnone size-full wp-image-73\" src=\"\/wp-content\/uploads\/2023\/01\/home-section_6-img_2.png\" alt=\"\" width=\"100%\" height=\"266\"><\/p>\n<div class=\"card-content\">\n<h3 class=\"margin-bottom-2rem\">Ayudar a los ni\u00f1os a comprender y gestionar sus emociones<\/h3>\n<p class=\"margin-bottom-0\">Las emociones son una parte natural e importante del ser humano, pero tambi\u00e9n pueden ser abrumadoras y dif\u00edciles de entender, sobre todo para los ni\u00f1os. Como padre, usted puede desempe\u00f1ar un papel crucial para ayudar a su hijo a aprender a reconocer y gestionar sus emociones. Aqu\u00ed tienes algunos consejos para empezar.<\/p>\n<\/div>\n<p><a class=\"button secondary text-transform-uppercase margin-bottom-3rem\" href=\"https:\/\/www.progen.org\/es\/contacto\/\"><span class=\"\">Leer m\u00e1s<\/span><img loading=\"lazy\" decoding=\"async\" class=\"alignnone size-full wp-image-48\" src=\"\/wp-content\/uploads\/2023\/01\/right-arrow-icon.png\" alt=\"\" width=\"18\" height=\"18\"><\/a><\/div>\n<p>[\/vc_column_text][vc_empty_space height=&#8221;24px&#8221; el_class=&#8221;hide-for-large&#8221;][\/vc_column_inner][vc_column_inner el_class=&#8221;hover-up&#8221; width=&#8221;1\/3&#8243;][vc_column_text el_class=&#8221;text-center&#8221;]<\/p>\n<div class=\"card no-padding\" data-equalizer-watch=\"medium\">\n<p class=\"margin-bottom-2point5rem\"><img decoding=\"async\" class=\"alignnone size-full wp-image-73\" src=\"\/wp-content\/uploads\/2023\/01\/home-section_6-img_3.png\" alt=\"\" width=\"100%\" height=\"266\"><\/p>\n<div class=\"card-content\">\n<h3 class=\"margin-bottom-2rem\">Comprender y apoyar a los ni\u00f1os con TDAH<\/h3>\n<p class=\"margin-bottom-0\">El trastorno por d\u00e9ficit de atenci\u00f3n con hiperactividad (TDAH) es una enfermedad mental frecuente que puede afectar a la capacidad de los ni\u00f1os para concentrarse, controlar sus impulsos y regular su comportamiento. Con el apoyo adecuado, los ni\u00f1os con TDAH pueden llevar una vida sana y satisfactoria. He aqu\u00ed algunos consejos para comprender y apoyar a los ni\u00f1os con TDAH.<\/p>\n<\/div>\n<p><a class=\"button secondary text-transform-uppercase margin-bottom-3rem\" href=\"https:\/\/www.progen.org\/es\/contacto\/\"><span class=\"\">Leer m\u00e1s<\/span><img loading=\"lazy\" decoding=\"async\" class=\"alignnone size-full wp-image-48\" src=\"\/wp-content\/uploads\/2023\/01\/right-arrow-icon.png\" alt=\"\" width=\"18\" height=\"18\"><\/a><\/div>\n<p>[\/vc_column_text][\/vc_column_inner][\/vc_row_inner][vc_empty_space height=&#8221;90px&#8221; el_class=&#8221;show-for-large&#8221;][vc_empty_space height=&#8221;45px&#8221; el_class=&#8221;hide-for-large&#8221;][vc_row_inner equal_height=&#8221;yes&#8221; content_placement=&#8221;middle&#8221; el_class=&#8221;row no-padding-vc&#8221;][vc_column_inner el_class=&#8221;columns small-12 large-8 large-offset-2&#8243;][vc_column_text el_class=&#8221;text-center&#8221;]<a class=\"button text-transform-uppercase no-margin-bottom\" href=\"https:\/\/www.progen.org\/es\/blog\/\">ver m\u00e1s recursos<\/a>[\/vc_column_text][\/vc_column_inner][\/vc_row_inner][vc_empty_space height=&#8221;90px&#8221; el_class=&#8221;show-for-large&#8221;][vc_empty_space height=&#8221;45px&#8221; el_class=&#8221;hide-for-large&#8221;][\/vc_column][\/vc_row][\/vc_section][vc_section disable_element=&#8221;yes&#8221; el_id=&#8221;home-section_7&#8243;][vc_row][vc_column][vc_empty_space height=&#8221;90px&#8221; el_class=&#8221;show-for-large&#8221;][vc_empty_space height=&#8221;45px&#8221; el_class=&#8221;hide-for-large&#8221;][vc_row_inner equal_height=&#8221;yes&#8221; content_placement=&#8221;middle&#8221; el_class=&#8221;row no-padding-vc&#8221;][vc_column_inner el_class=&#8221;columns small-12 large-8 large-offset-2&#8243;][vc_column_text el_class=&#8221;text-center&#8221;]<\/p>\n<h2 class=\"margin-bottom-1point5rem\">D\u00f3nde encontrarnos<\/h2>\n<p class=\"margin-bottom-0\">Estamos en  <a class=\"\" href=\"https:\/\/goo.gl\/maps\/ncdEB1s2AU3jHPQd7\" target=\"_blank\" rel=\"noopener\">30-10 41st Ave. Queens, NY, 11101<\/a>. Es f\u00e1cil llegar en coche, ya que hay mucho aparcamiento en los alrededores. Tambi\u00e9n estamos convenientemente situados cerca de varias opciones de transporte p\u00fablico. Sea cual sea la forma que elija para visitarnos, estamos deseando darle la bienvenida y ayudarle a aprovechar al m\u00e1ximo su tiempo con nosotros.<\/p>\n<p>[\/vc_column_text][\/vc_column_inner][\/vc_row_inner][vc_empty_space height=&#8221;90px&#8221; el_class=&#8221;show-for-large&#8221;][vc_empty_space height=&#8221;45px&#8221; el_class=&#8221;hide-for-large&#8221;][vc_row_inner equal_height=&#8221;yes&#8221; content_placement=&#8221;middle&#8221; el_class=&#8221;row expanded collapse no-padding-vc no-foundation-vc&#8221;][vc_column_inner][vc_raw_html]PGRpdiBjbGFzcz0iIiBzdHlsZT0ib3ZlcmZsb3c6aGlkZGVuO21pbi1oZWlnaHQ6NDgwcHg7d2lkdGg6MTAwJTtiYWNrZ3JvdW5kLWNvbG9yOiMxOTFiMWU7Ij4KCQkJCQkJCTxkaXYgaWQ9ImdtYXAiIHN0eWxlPSJtaW4taGVpZ2h0OjQ4MHB4O3dpZHRoOjEwMCU7YmFja2dyb3VuZC1jb2xvcjojMTkxYjFlOyI+PC9kaXY+CgkJCQkJCQk8c3R5bGU+I2dtYXAge291dGxpbmU7IG5vbmU7fSAjZ21hcCBpbWd7bWF4LXdpZHRoOm5vbmUhaW1wb3J0YW50O2JhY2tncm91bmQ6bm9uZSFpbXBvcnRhbnR9PC9zdHlsZT4KCQkJCQkJPC9kaXY+[\/vc_raw_html][vc_raw_js]JTNDc2NyaXB0JTIwdHlwZSUzRCUyMnRleHQlMkZqYXZhc2NyaXB0JTIyJTNFJTBBJTIwJTIwJTIwJTIwZnVuY3Rpb24lMjBpbml0X21hcCUyOCUyOSUyMCU3QiUwQSUyMCUyMCUyMCUyMCUyMCUyMCUyMCUyMHZhciUyMG15T3B0aW9ucyUyMCUzRCUyMCU3QiUwQSUyMCUyMCUyMCUyMCUyMCUyMCUyMCUyMCUyMCUyMCUyMCUyMHpvb20lM0ElMjAxNiUyQyUwQSUyMCUyMCUyMCUyMCUyMCUyMCUyMCUyMCUyMCUyMCUyMCUyMGNlbnRlciUzQSUyMG5ldyUyMGdvb2dsZS5tYXBzLkxhdExuZyUyODQwLjc0OTQ0NDQ2NDU3MDU0NCUyQyUyMC03My45MzU3ODA4ODg3MzgxNCUyOSUyQyUwQSUyMCUyMCUyMCUyMCUyMCUyMCUyMCUyMCUyMCUyMCUyMCUyMHN0eWxlcyUzQSUyMG1hcFN0eWxlcyUyOCUyOSUyQyUwQSUyMCUyMCUyMCUyMCUyMCUyMCUyMCUyMCUyMCUyMCUyMCUyMG1hcFR5cGVJZCUzQSUyMGdvb2dsZS5tYXBzLk1hcFR5cGVJZC5ST0FETUFQJTBBJTIwJTIwJTIwJTIwJTIwJTIwJTIwJTIwJTdEJTNCJTBBJTIwJTIwJTIwJTIwJTIwJTIwJTIwJTIwbWFwJTIwJTNEJTIwbmV3JTIwZ29vZ2xlLm1hcHMuTWFwJTI4ZG9jdW1lbnQuZ2V0RWxlbWVudEJ5SWQlMjglMjdnbWFwJTI3JTI5JTJDJTIwbXlPcHRpb25zJTI5JTNCJTBBJTIwJTIwJTIwJTIwJTIwJTIwJTIwJTIwdmFyJTIwaW5mb3dpbmRvdyUyMCUzRCUyMG5ldyUyMGdvb2dsZS5tYXBzLkluZm9XaW5kb3clMjglN0IlN0QlMjklM0IlMEElMjAlMjAlMjAlMjAlMjAlMjAlMjAlMjB2YXIlMjBtYXJrZXIlMkMlMjBjb3VudCUzQiUwQSUwQSUyMCUyMCUyMCUyMCUyMCUyMCUyMCUyMG1hcmtlciUyMCUzRCUyMG5ldyUyMGdvb2dsZS5tYXBzLk1hcmtlciUyOCU3QiUwQSUyMCUyMCUyMCUyMCUyMCUyMCUyMCUyMCUyMCUyMCUyMCUyMHBvc2l0aW9uJTNBJTIwbmV3JTIwZ29vZ2xlLm1hcHMuTGF0TG5nJTI4NDAuNzQ5NDQ0NDY0NTcwNTQ0JTJDJTIwLTczLjkzNTc4MDg4ODczODE0JTI5JTJDJTBBJTIwJTIwJTIwJTIwJTIwJTIwJTIwJTIwJTIwJTIwJTIwJTIwbWFwJTNBJTIwbWFwJTJDJTBBJTIwJTIwJTIwJTIwJTIwJTIwJTIwJTIwJTIwJTIwJTIwJTIwaWNvbiUzQSUyMCUyNyUyRndwLWNvbnRlbnQlMkZ1cGxvYWRzJTJGMjAyMyUyRjAxJTJGbG9jYXRpb24taWNvbi5wbmclMjclMkMlMEElMjAlMjAlMjAlMjAlMjAlMjAlMjAlMjAlMjAlMjAlMjAlMjB0aXRsZSUzQSUyMCUyN1Byb2dlbiUyMFVTQSUyNyUwQSUyMCUyMCUyMCUyMCUyMCUyMCUyMCUyMCU3RCUyOSUzQiUwQSUyMCUyMCUyMCUyMCUyMCUyMCUyMCUyMGdvb2dsZS5tYXBzLmV2ZW50LmFkZExpc3RlbmVyJTI4bWFya2VyJTJDJTIwJTI3Y2xpY2slMjclMkMlMjAlMjhmdW5jdGlvbiUyMCUyOG1hcmtlciUyOSUyMCU3QiUwQSUyMCUyMCUyMCUyMCUyMCUyMCUyMCUyMCUyMCUyMCUyMCUyMHJldHVybiUyMGZ1bmN0aW9uJTIwJTI4JTI5JTIwJTdCJTBBJTIwJTIwJTIwJTIwJTIwJTIwJTIwJTIwJTIwJTIwJTIwJTIwJTIwJTIwJTIwJTIwaW5mb3dpbmRvdy5zZXRDb250ZW50JTI4JTBBJTIwJTIwJTIwJTIwJTIwJTIwJTIwJTIwJTIwJTIwJTIwJTIwJTIwJTIwJTIwJTIwJTIwJTIwJTIwJTIwJTI3JTNDcCUyMGNsYXNzJTNEJTIyJTIyJTIwc3R5bGUlM0QlMjJmb250LXNpemUlM0ElMjAxcmVtJTNCJTIyJTNFJTNDYiUzRVBST0dFTiUyMFVTQSUzQyUyRmIlM0UlMjAlM0NiciUzRSUyMDMwLTEwJTIwNDFzdCUyMEF2ZS4lM0NiciUzRSUyMCUyMFF1ZWVucyUyQyUyME5ZJTJDJTIwMTExMDElM0MlMkZwJTNFJTIwJTNDYSUyMGhyZWYlM0QlMjJodHRwcyUzQSUyRiUyRmdvby5nbCUyRm1hcHMlMkZuY2RFQjFzMkFVM2pIUFFkNyUyMiUyMHRhcmdldCUzRCUyMl9ibGFuayUyMiUzRSUzQ3NwYW4lMjBjbGFzcyUzRCUyMmFsdC1wcmltYXJ5JTIwZm9udC1ib2xkJTIwbm8tbWFyZ2luLWJvdHRvbSUyMiUyMHN0eWxlJTNEJTIyZm9udC1zaXplJTNBJTIwMXJlbSUzQiUyMiUzRUdldCUyMERpcmVjdGlvbiUzQyUyRnNwYW4lM0UlM0MlMkZhJTNFJTI3JTBBJTIwJTIwJTIwJTIwJTIwJTIwJTIwJTIwJTIwJTIwJTIwJTIwJTIwJTIwJTIwJTIwJTIwJTIwJTIwJTIwJTI5JTNCJTBBJTIwJTIwJTIwJTIwJTIwJTIwJTIwJTIwJTIwJTIwJTIwJTIwJTIwJTIwJTIwJTIwaW5mb3dpbmRvdy5vcGVuJTI4bWFwJTJDJTIwbWFya2VyJTI5JTNCJTBBJTIwJTIwJTIwJTIwJTIwJTIwJTIwJTIwJTIwJTIwJTIwJTIwJTdEJTBBJTIwJTIwJTIwJTIwJTIwJTIwJTIwJTIwJTdEJTI5JTI4bWFya2VyJTJDJTIwMCUyOSUyOSUzQiUwQSUwQSUyMCUyMCUyMCUyMCU3RCUwQSUyMCUyMCUyMCUyMGdvb2dsZS5tYXBzLmV2ZW50LmFkZERvbUxpc3RlbmVyJTI4d2luZG93JTJDJTIwJTI3bG9hZCUyNyUyQyUyMGluaXRfbWFwJTI5JTNCJTBBJTNDJTJGc2NyaXB0JTNF[\/vc_raw_js][\/vc_column_inner][\/vc_row_inner][\/vc_column][\/vc_row][\/vc_section][vc_section el_id=&#8221;home-section_6&#8243; css=&#8221;.vc_custom_1701263122675{border-bottom-width: 1px !important;border-bottom-color: #00bff2 !important;border-bottom-style: solid !important;}&#8221;][vc_row][vc_column][vc_empty_space height=&#8221;90px&#8221; el_class=&#8221;show-for-large&#8221;][vc_empty_space height=&#8221;45px&#8221; el_class=&#8221;hide-for-large&#8221;][vc_row_inner el_class=&#8221;row no-padding-vc&#8221;][vc_column_inner el_class=&#8221;columns small-12 large-8 large-offset-2&#8243;][vc_column_text el_class=&#8221;text-center&#8221;]<\/p>\n<h2 class=\"margin-bottom-1point5rem\">\u00bfListo para capacitar a su hijo?<\/h2>\n<p class=\"margin-bottom-0\">Progen Care est\u00e1 aqu\u00ed para capacitarle a usted y a su hijo para una vida de crecimiento y \u00e9xito. Si est\u00e1 preparado para obtener m\u00e1s informaci\u00f3n sobre c\u00f3mo podemos ayudar a su hijo a superar sus retos cotidianos y empezar a disfrutar de la mejor vida posible, p\u00f3ngase en contacto con nosotros hoy mismo. Estamos aqu\u00ed para ayudarle.<\/p>\n<p>[\/vc_column_text][\/vc_column_inner][\/vc_row_inner][vc_empty_space height=&#8221;90px&#8221; el_class=&#8221;show-for-large&#8221;][vc_empty_space height=&#8221;45px&#8221; el_class=&#8221;hide-for-large&#8221;][vc_row_inner el_class=&#8221;row no-padding-vc&#8221;][vc_column_inner el_class=&#8221;border-secondary-light-right&#8221; width=&#8221;1\/3&#8243;][vc_column_text el_class=&#8221;text-center&#8221;]<\/p>\n<p class=\"margin-bottom-1point5rem\"><img decoding=\"async\" class=\"alignnone size-full wp-image-198\" src=\"https:\/\/www.progen.org\/wp-content\/uploads\/2023\/01\/contact-section_1-icon_1.png\" alt=\"\" width=\"11%\" height=\"68\"><\/p>\n<h3 class=\"margin-bottom-2point5rem\">Ubicaci\u00f3n<\/h3>\n<p class=\"no-margin-bottom remove-br\">30-10 41st Ave.<br \/>\nQueens, NY, 11101<\/p>\n<p>[\/vc_column_text][vc_empty_space height=&#8221;24px&#8221; el_class=&#8221;hide-for-large&#8221;][\/vc_column_inner][vc_column_inner el_class=&#8221;border-secondary-light-right&#8221; width=&#8221;1\/3&#8243;][vc_column_text el_class=&#8221;text-center&#8221;]<\/p>\n<p class=\"margin-bottom-1point5rem\"><img decoding=\"async\" class=\"alignnone size-full wp-image-198\" src=\"https:\/\/www.progen.org\/wp-content\/uploads\/2023\/01\/contact-section_1-icon_2.png\" alt=\"\" width=\"8%\" height=\"68\"><\/p>\n<h3 class=\"margin-bottom-2point5rem\">Tel\u00e9fono<\/h3>\n<p class=\"no-margin-bottom\"><a href=\"tel:7187994400\">718-799-4400<\/a><\/p>\n<p>[\/vc_column_text][vc_empty_space height=&#8221;24px&#8221; el_class=&#8221;hide-for-large&#8221;][\/vc_column_inner][vc_column_inner width=&#8221;1\/3&#8243;][vc_column_text el_class=&#8221;text-center&#8221;]<\/p>\n<p class=\"margin-bottom-1point5rem\"><img decoding=\"async\" class=\"alignnone size-full wp-image-198\" src=\"https:\/\/www.progen.org\/wp-content\/uploads\/2023\/01\/contact-section_1-icon_3.png\" alt=\"\" width=\"13%\" height=\"68\"><\/p>\n<h3 class=\"margin-bottom-2point5rem\">Env\u00ede un correo electr\u00f3nico a<\/h3>\n<p class=\"no-margin-bottom\"><a href=\"mailto:info@progen.org\">info@progen.org<\/a><\/p>\n<p>[\/vc_column_text][\/vc_column_inner][\/vc_row_inner][vc_empty_space height=&#8221;90px&#8221; el_class=&#8221;show-for-large&#8221;][vc_empty_space height=&#8221;45px&#8221; el_class=&#8221;hide-for-large&#8221;][\/vc_column][\/vc_row][\/vc_section]<\/p>\n<\/section>","protected":false},"excerpt":{"rendered":"<p>[vc_section el_id=&#8221;home-section_0&#8243;][vc_row][vc_column][\/vc_column][\/vc_row][\/vc_section][vc_section el_id=&#8221;home-section_1&#8243; css=&#8221;.vc_custom_1674136840284{background-image: url(https:\/\/www.progen.org\/wp-content\/uploads\/2023\/01\/home-section_1-bg.png?id=90) !important;}&#8221; el_class=&#8221;bg-size-cover bg-no-repeat bg-center position-relative has-negative-margin-top-40-percent&#8221;][vc_row][vc_column][vc_empty_space height=&#8221;90px&#8221; el_class=&#8221;show-for-large&#8221;][vc_empty_space height=&#8221;45px&#8221; el_class=&#8221;hide-for-large&#8221;][vc_row_inner el_class=&#8221;row no-padding-vc&#8221;][vc_column_inner el_class=&#8221;card has-negative-margin-top-50-percent&#8221;][vc_raw_html]PGRpdiBjbGFzcz0icm93Ij4KICAgIDxkaXYgY2xhc3M9ImNvbHVtbnMgc21hbGwtMTIgbGFyZ2UtOCBsYXJnZS1vZmZzZXQtMiB0ZXh0LWNlbnRlciI+CiAgICAgICAgPGRpdiBjbGFzcz0ic2hvdy1mb3ItbGFyZ2UiIHN0eWxlPSJoZWlnaHQ6IDkwcHg7Ij48L2Rpdj4KICAgICAgICA8ZGl2IGNsYXNzPSJoaWRlLWZvci1sYXJnZSIgc3R5bGU9ImhlaWdodDogNDVweDsiPjwvZGl2PgogICAgICAgIDxoMiBjbGFzcz0ibWFyZ2luLWJvdHRvbS0xcG9pbnQ1cmVtIj5Mb3MgcmV0b3MgcHVlZGVuIGluY2x1aXI8L2gyPgogICAgICAgIDxwIGNsYXNzPSJtYXJnaW4tYm90dG9tLTAiPiAgTm9zIGRpcmlnaW1vcyBhIHBlcnNvbmFzIHF1ZSBwYWRlY2VuIChvIGNyZWVuIHBhZGVjZXIpIHVuYSBhbXBsaWEgZ2FtYSBkZSBwcm9ibGVtYXMgZGUgc2FsdWQuIEF5dWRhbW9zIGEgZWR1Y2FybGVzIHkgbGVzIGRpcmlnaW1vcyBhIGxvcyByZWN1cnNvcyBhZGVjdWFkb3MgcGFyYSBxdWUgcmVjaWJhbiBhc2lzdGVuY2lhLiAgPC9wPgogICAgICAgIDxkaXYgY2xhc3M9InNob3ctZm9yLWxhcmdlIiBzdHlsZT0iaGVpZ2h0OiA5MHB4OyI+PC9kaXY+CiAgICAgICAgPGRpdiBjbGFzcz0iaGlkZS1mb3ItbGFyZ2UiIHN0eWxlPSJoZWlnaHQ6IDQ1cHg7Ij48L2Rpdj4KICAgIDwvZGl2Pgo8L2Rpdj4KPGRpdiBjbGFzcz0icm93IiBkYXRhLWVxdWFsaXplcj0iIiBkYXRhLWVxdWFsaXplLW9uPSJtZWRpdW0iPgogICAgPGRpdiBjbGFzcz0iY29sdW1ucyBsYXJnZS00IG1lZGl1bS0xMiBzbWFsbC0xMiB0ZXh0LWNlbnRlciBib3JkZXItc2Vjb25kYXJ5LWxpZ2h0LXJpZ2h0Ij4KICAgICAgICA8ZGl2IGNsYXNzPSJjb2x1bW4tY29udGVudCIgZGF0YS1lcXVhbGl6ZXItd2F0Y2g9IiI+CiAgICAgICAgICAgIDxwIGNsYXNzPSJtYXJnaW4tYm90dG9tLTJyZW0iPjxpbWcgc3JjPSIvd3AtY29udGVudC91cGxvYWRzLzIwMjMvMDEvaG9tZS1zZWN0aW9uXzEtaWNvbl8xLnBuZyIgYWx0PSIiIHdpZHRoPSI3MCIgaGVpZ2h0PSI3MCIgY2xhc3M9ImFsaWdubm9uZSBzaXplLWZ1bGwgd3AtaW1hZ2UtOTkiPjwvcD4KICAgICAgICAgICAgPGgzIGNsYXNzPSJtYXJnaW4tYm90dG9tLTJyZW0iPkVtb2Npb25hbDwvaDM+CiAgICAgICAgICAgIDxwIGNsYXNzPSJtYXJnaW4tYm90dG9tLTNyZW0iPkxvcyBwcm9ibGVtYXMgZW1vY2lvbmFsZXMgcHVlZGVuIGFkb3B0YXIgZGl2ZXJzYXMgZm9ybWFzLCBlbnRyZSBvdHJhcwogIGEsIGFuc2llZGFkLCBUREFILCB0cmFzdG9ybm9zIGRlbCBlc3RhZG8gZGUgw6FuaW1vIHkgdHJhc3Rvcm5vcyByZWxhY2lvbmFkb3MgY29uIHRyYXVtYXMuIFBvZGVtb3MgYXl1ZGFybGUgYSBwb25lcnNlIGVuIGNvbnRhY3RvCiAgcGVyc29uYXMgcGFyYSBkZXRlcm1pbmFyIHNpIGxvcyBwcm9ibGVtYXMgZW1vY2lvbmFsZXMgZGUgc3UgaGlqbyBjdW1wbGVuIGxvcyByZXF1aXNpdG9zIHBhcmEgcmVjaWJpciBzZXJ2aWNpb3MuPC9wPgogICAgICAgIDwvZGl2PgogICAgICAgIDxhIGNsYXNzPSJidXR0b24gc2Vjb25kYXJ5IHRleHQtdHJhbnNmb3JtLXVwcGVyY2FzZSBuby1tYXJnaW4tYm90dG9tIiBocmVmPSJodHRwczovL3d3dy5wcm9nZW4ub3JnL2VzL2NvbnRhY3RvLyI+PHNwYW4gY2xhc3M9IiI+YXByZW5kZXIKICBtw6FzPC9zcGFuPjxpbWcgY2xhc3M9ImFsaWdubm9uZSBzaXplLWZ1bGwgd3AtaW1hZ2UtNDgiIHNyYz0iL3dwLWNvbnRlbnQvdXBsb2Fkcy8yMDIzLzAxL3JpZ2h0LWFycm93LWljb24ucG5nIiBhbHQ9IiIgd2lkdGg9IjE4IiBoZWlnaHQ9IjE4Ij48L2E+CiAgICA8L2Rpdj4KICAgIDxkaXYgY2xhc3M9ImhpZGUtZm9yLWxhcmdlIiBzdHlsZT0iaGVpZ2h0OiAyNHB4OyI+PC9kaXY+CiAgICA8ZGl2IGNsYXNzPSJjb2x1bW5zIGxhcmdlLTQgbWVkaXVtLTEyIHNtYWxsLTEyIHRleHQtY2VudGVyIGJvcmRlci1zZWNvbmRhcnktbGlnaHQtcmlnaHQiPgogICAgICAgIDxkaXYgY2xhc3M9ImNvbHVtbi1jb250ZW50IiBkYXRhLWVxdWFsaXplci13YXRjaD0iIj4KICAgICAgICAgICAgPHAgY2xhc3M9Im1hcmdpbi1ib3R0b20tMnJlbSI+PGltZyBzcmM9Ii93cC1jb250ZW50L3VwbG9hZHMvMjAyMy8wMS9ob21lLXNlY3Rpb25fMS1pY29uXzIucG5nIiBhbHQ9IiIgd2lkdGg9IjcwIiBoZWlnaHQ9IjcwIiBjbGFzcz0iYWxpZ25ub25lIHNpemUtZnVsbCB3cC1pbWFnZS05OSI+PC9wPgogICAgICAgICAgICA8aDMgY2xhc3M9Im1hcmdpbi1ib3R0b20tMnJlbSI+Q29tcG9ydGFtaWVudG88L2gzPgogICAgICAgICAgICA8cCBjbGFzcz0ibWFyZ2luLWJvdHRvbS0zcmVtIj5Mb3MgcHJvYmxlbWFzIGRlIGNvbmR1Y3RhIGRlIGxvcyBuacOxb3MgcHVlZGVuIG1hbmlmZXN0YXJzZSBkZSBkaXZlcnNhcyBmb3JtYXMKICBkZSBtYW5lcmFzLCBpbmNsdXllbmRvIHBlcm8gbm8gbGltaXRhZG8gYSwgZGlmaWN1bHRhZCBjb24gbGEKICByZWd1bGFjacOzbiwgcHJvYmxlbWFzIGNvbiBsYXMgaW50ZXJhY2Npb25lcyBzb2NpYWxlcywKICB5IGNhbWJpb3MgZW4gbG9zIHBhdHJvbmVzIGRlIGNvbXBvcnRhbWllbnRvIHkgcGVuc2FtaWVudG8uCiAgUG9kZW1vcyBmYWNpbGl0YXJsZSB1bmEgbGlzdGEgY29tcGxldGEgZGUgbG9zIHJlcXVpc2l0b3MKICBwcm9ibGVtYXMgZGUgY29tcG9ydGFtaWVudG8uPC9wPgoKICAgICAgICA8L2Rpdj4KICAgICAgICA8YSBjbGFzcz0iYnV0dG9uIHNlY29uZGFyeSB0ZXh0LXRyYW5zZm9ybS11cHBlcmNhc2Ugbm8tbWFyZ2luLWJvdHRvbSIgaHJlZj0iaHR0cHM6Ly93d3cucHJvZ2VuLm9yZy9lcy9jb250YWN0by8iPjxzcGFuIGNsYXNzPSIiPmFwcmVuZGVyCiAgbcOhczwvc3Bhbj48aW1nIGNsYXNzPSJhbGlnbm5vbmUgc2l6ZS1mdWxsIHdwLWltYWdlLTQ4IiBzcmM9Ii93cC1jb250ZW50L3VwbG9hZHMvMjAyMy8wMS9yaWdodC1hcnJvdy1pY29uLnBuZyIgYWx0PSIiIHdpZHRoPSIxOCIgaGVpZ2h0PSIxOCI+PC9hPgogICAgPC9kaXY+CiAgICA8ZGl2IGNsYXNzPSJoaWRlLWZvci1sYXJnZSIgc3R5bGU9ImhlaWdodDogMjRweDsiPjwvZGl2PgogICAgPGRpdiBjbGFzcz0iY29sdW1ucyBsYXJnZS00IG1lZGl1bS0xMiBzbWFsbC0xMiB0ZXh0LWNlbnRlciI+CiAgICAgICAgPGRpdiBjbGFzcz0iY29sdW1uLWNvbnRlbnQiIGRhdGEtZXF1YWxpemVyLXdhdGNoPSIiPgogICAgICAgICAgICA8cCBjbGFzcz0ibWFyZ2luLWJvdHRvbS0ycmVtIj48aW1nIHNyYz0iL3dwLWNvbnRlbnQvdXBsb2Fkcy8yMDIzLzAxL2hvbWUtc2VjdGlvbl8xLWljb25fMy5wbmciIGFsdD0iIiB3aWR0aD0iNzAiIGhlaWdodD0iNzAiIGNsYXNzPSJhbGlnbm5vbmUgc2l6ZS1mdWxsIHdwLWltYWdlLTk5Ij48L3A+CiAgICAgICAgICAgIDxoMyBjbGFzcz0ibWFyZ2luLWJvdHRvbS0ycmVtIj5Gw61zaWNvPC9oMz4KICAgICAgICAgICAgPHAgY2xhc3M9Im1hcmdpbi1ib3R0b20tM3JlbSI+TG9zIG5pw7FvcyBjb24gcHJvYmxlbWFzIGRlIHNhbHVkIGbDrXNpY2EgcHVlZGVuIHBhZGVjZXIgZGVzZGUgYWxlcmdpYXMgZ3JhdmVzIGhhc3RhCiAgY8OhbmNlciwgYWZlY2Npb25lcyBjYXJkw61hY2FzIG8gdHJhc3Rvcm5vcyBtdXNjdWxhcmVzLiBFc3RvcyBwcm9ibGVtYXMgZsOtc2ljb3MgdGFtYmnDqW4gcHVlZGVuCiAgY29udHJhdGllbXBvcyBkZSBjb21wb3J0YW1pZW50byBjb21vIGVmZWN0byBkZSBzdXMgbHVjaGFzIGNvdGlkaWFuYXMuICA8L3A+CgogICAgICAgIDwvZGl2PgogICAgICAgIDxhIGNsYXNzPSJidXR0b24gc2Vjb25kYXJ5IHRleHQtdHJhbnNmb3JtLXVwcGVyY2FzZSBuby1tYXJnaW4tYm90dG9tIiBocmVmPSJodHRwczovL3d3dy5wcm9nZW4ub3JnL2VzL2NvbnRhY3RvLyI+PHNwYW4gY2xhc3M9IiI+YXByZW5kZXIKICBtw6FzPC9zcGFuPjxpbWcgY2xhc3M9ImFsaWdubm9uZSBzaXplLWZ1bGwgd3AtaW1hZ2UtNDgiIHNyYz0iL3dwLWNvbnRlbnQvdXBsb2Fkcy8yMDIzLzAxL3JpZ2h0LWFycm93LWljb24ucG5nIiBhbHQ9IiIgd2lkdGg9IjE4IiBoZWlnaHQ9IjE4Ij48L2E+CiAgICA8L2Rpdj4KPC9kaXY+CjxkaXYgY2xhc3M9InNob3ctZm9yLWxhcmdlIiBzdHlsZT0iaGVpZ2h0OiA5MHB4OyI+PC9kaXY+CjxkaXYgY2xhc3M9ImhpZGUtZm9yLWxhcmdlIiBzdHlsZT0iaGVpZ2h0OiA0NXB4OyI+PC9kaXY+[\/vc_raw_html][\/vc_column_inner][\/vc_row_inner][vc_empty_space height=&#8221;90px&#8221; el_class=&#8221;show-for-large&#8221;][vc_empty_space height=&#8221;45px&#8221; el_class=&#8221;hide-for-large&#8221;][\/vc_column][\/vc_row][\/vc_section][vc_section el_id=&#8221;home-section_2&#8243;][vc_row][vc_column][vc_empty_space height=&#8221;90px&#8221; el_class=&#8221;show-for-large&#8221;][vc_empty_space height=&#8221;45px&#8221; el_class=&#8221;hide-for-large&#8221;][vc_row_inner equal_height=&#8221;yes&#8221; content_placement=&#8221;middle&#8221; el_class=&#8221;row no-padding-vc&#8221;][vc_column_inner el_class=&#8221;large-order-1&#8243; width=&#8221;1\/2&#8243;][vc_column_text el_class=&#8221;center-overlapped-images&#8221;] [\/vc_column_text][\/vc_column_inner][vc_column_inner el_class=&#8221;large-order-0&#8243; width=&#8221;1\/2&#8243;][vc_column_text el_class=&#8221;text-center large-text-left extra-large-padding-right-for-large&#8221;] Sobre nosotros Todas las personas merecen la mejor oportunidad para vivir y triunfar. Podemos<a class=\"excerpt-read-more\" href=\"https:\/\/www.progen.org\/blog\/empowering-children-a-comprehensive-guide-to-owpdd-services\/\" title=\"LeerEmpowering Children: A Comprehensive Guide to OWPDD Services\">&#8230; Leer m\u00e1s &#8220;<\/a><\/p>\n","protected":false},"author":1,"featured_media":0,"parent":0,"menu_order":0,"comment_status":"closed","ping_status":"closed","template":"template-visual-builder.php","meta":{"inline_featured_image":false,"footnotes":""},"yoast_head":"<!-- This site is optimized with the Yoast SEO plugin v21.6 - https:\/\/yoast.com\/wordpress\/plugins\/seo\/ -->\n<title>Servicios de Cuidados Pedi\u00e1tricos a Domicilio en Queens, NY - Progen Care<\/title>\n<meta name=\"description\" content=\"Descubra la atenci\u00f3n pedi\u00e1trica a domicilio a medida en Queens, Nueva York, con el apoyo de enfermer\u00eda, terapia y necesidades especiales de Progen Care para los retos de su hijo.\" \/>\n<meta name=\"robots\" content=\"index, follow, max-snippet:-1, max-image-preview:large, max-video-preview:-1\" \/>\n<link rel=\"canonical\" href=\"https:\/\/www.progen.org\/es\/\" \/>\n<meta property=\"og:locale\" content=\"es_ES\" \/>\n<meta property=\"og:type\" content=\"article\" \/>\n<meta property=\"og:title\" content=\"Servicios de Cuidados Pedi\u00e1tricos a Domicilio en Queens, NY - Progen Care\" \/>\n<meta property=\"og:description\" content=\"Descubra la atenci\u00f3n pedi\u00e1trica a domicilio a medida en Queens, Nueva York, con el apoyo de enfermer\u00eda, terapia y necesidades especiales de Progen Care para los retos de su hijo.\" \/>\n<meta property=\"og:url\" content=\"https:\/\/www.progen.org\/es\/\" \/>\n<meta property=\"og:site_name\" content=\"Progen Care\" \/>\n<meta property=\"article:publisher\" content=\"https:\/\/www.facebook.com\/progencare\/\" \/>\n<meta property=\"article:modified_time\" content=\"2023-11-29T13:48:40+00:00\" \/>\n<meta property=\"og:image\" content=\"https:\/\/www.progen.org\/wp-content\/uploads\/2023\/01\/contact-section_1-icon_1.png\" \/>\n<meta name=\"twitter:card\" content=\"summary_large_image\" \/>\n<meta name=\"twitter:label1\" content=\"Est. reading time\" \/>\n\t<meta name=\"twitter:data1\" content=\"14 minutes\" \/>\n<script type=\"application\/ld+json\" class=\"yoast-schema-graph\">{\"@context\":\"https:\/\/schema.org\",\"@graph\":[{\"@type\":\"WebPage\",\"@id\":\"https:\/\/www.progen.org\/es\/\",\"url\":\"https:\/\/www.progen.org\/es\/\",\"name\":\"Servicios de Cuidados Pedi\u00e1tricos a Domicilio en Queens, NY - Progen Care\",\"isPartOf\":{\"@id\":\"https:\/\/www.progen.org\/#website\"},\"datePublished\":\"2023-01-17T10:33:22+00:00\",\"dateModified\":\"2023-11-29T13:48:40+00:00\",\"description\":\"Descubra la atenci\u00f3n pedi\u00e1trica a domicilio a medida en Queens, Nueva York, con el apoyo de enfermer\u00eda, terapia y necesidades especiales de Progen Care para los retos de su hijo.\",\"breadcrumb\":{\"@id\":\"https:\/\/www.progen.org\/es\/#breadcrumb\"},\"inLanguage\":\"es-ES\",\"potentialAction\":[{\"@type\":\"ReadAction\",\"target\":[\"https:\/\/www.progen.org\/es\/\"]}]},{\"@type\":\"BreadcrumbList\",\"@id\":\"https:\/\/www.progen.org\/es\/#breadcrumb\",\"itemListElement\":[{\"@type\":\"ListItem\",\"position\":1,\"name\":\"Home\",\"item\":\"https:\/\/www.progen.org\/es\/\"},{\"@type\":\"ListItem\",\"position\":2,\"name\":\"Inicio\"}]},{\"@type\":\"WebSite\",\"@id\":\"https:\/\/www.progen.org\/#website\",\"url\":\"https:\/\/www.progen.org\/\",\"name\":\"Progen Care\",\"description\":\"Connecting Children With The Best  Possible Care\",\"publisher\":{\"@id\":\"https:\/\/www.progen.org\/#organization\"},\"potentialAction\":[{\"@type\":\"SearchAction\",\"target\":{\"@type\":\"EntryPoint\",\"urlTemplate\":\"https:\/\/www.progen.org\/?s={search_term_string}\"},\"query-input\":\"required name=search_term_string\"}],\"inLanguage\":\"es-ES\"},{\"@type\":\"Organization\",\"@id\":\"https:\/\/www.progen.org\/#organization\",\"name\":\"Progen Care\",\"url\":\"https:\/\/www.progen.org\/\",\"logo\":{\"@type\":\"ImageObject\",\"inLanguage\":\"es-ES\",\"@id\":\"https:\/\/www.progen.org\/#\/schema\/logo\/image\/\",\"url\":\"https:\/\/www.progen.org\/wp-content\/uploads\/2023\/01\/logo.png\",\"contentUrl\":\"https:\/\/www.progen.org\/wp-content\/uploads\/2023\/01\/logo.png\",\"width\":242,\"height\":83,\"caption\":\"Progen Care\"},\"image\":{\"@id\":\"https:\/\/www.progen.org\/#\/schema\/logo\/image\/\"},\"sameAs\":[\"https:\/\/www.facebook.com\/progencare\/\",\"https:\/\/www.instagram.com\/progencare\/\",\"https:\/\/www.linkedin.com\/company\/progencare\/\"]}]}<\/script>\n<!-- \/ Yoast SEO plugin. -->","yoast_head_json":{"title":"Servicios de Cuidados Pedi\u00e1tricos a Domicilio en Queens, NY - Progen Care","description":"Descubra la atenci\u00f3n pedi\u00e1trica a domicilio a medida en Queens, Nueva York, con el apoyo de enfermer\u00eda, terapia y necesidades especiales de Progen Care para los retos de su hijo.","robots":{"index":"index","follow":"follow","max-snippet":"max-snippet:-1","max-image-preview":"max-image-preview:large","max-video-preview":"max-video-preview:-1"},"canonical":"https:\/\/www.progen.org\/es\/","og_locale":"es_ES","og_type":"article","og_title":"Servicios de Cuidados Pedi\u00e1tricos a Domicilio en Queens, NY - Progen Care","og_description":"Descubra la atenci\u00f3n pedi\u00e1trica a domicilio a medida en Queens, Nueva York, con el apoyo de enfermer\u00eda, terapia y necesidades especiales de Progen Care para los retos de su hijo.","og_url":"https:\/\/www.progen.org\/es\/","og_site_name":"Progen Care","article_publisher":"https:\/\/www.facebook.com\/progencare\/","article_modified_time":"2023-11-29T13:48:40+00:00","og_image":[{"url":"https:\/\/www.progen.org\/wp-content\/uploads\/2023\/01\/contact-section_1-icon_1.png"}],"twitter_card":"summary_large_image","twitter_misc":{"Est. reading time":"14 minutes"},"schema":{"@context":"https:\/\/schema.org","@graph":[{"@type":"WebPage","@id":"https:\/\/www.progen.org\/es\/","url":"https:\/\/www.progen.org\/es\/","name":"Servicios de Cuidados Pedi\u00e1tricos a Domicilio en Queens, NY - Progen Care","isPartOf":{"@id":"https:\/\/www.progen.org\/#website"},"datePublished":"2023-01-17T10:33:22+00:00","dateModified":"2023-11-29T13:48:40+00:00","description":"Descubra la atenci\u00f3n pedi\u00e1trica a domicilio a medida en Queens, Nueva York, con el apoyo de enfermer\u00eda, terapia y necesidades especiales de Progen Care para los retos de su hijo.","breadcrumb":{"@id":"https:\/\/www.progen.org\/es\/#breadcrumb"},"inLanguage":"es-ES","potentialAction":[{"@type":"ReadAction","target":["https:\/\/www.progen.org\/es\/"]}]},{"@type":"BreadcrumbList","@id":"https:\/\/www.progen.org\/es\/#breadcrumb","itemListElement":[{"@type":"ListItem","position":1,"name":"Home","item":"https:\/\/www.progen.org\/es\/"},{"@type":"ListItem","position":2,"name":"Inicio"}]},{"@type":"WebSite","@id":"https:\/\/www.progen.org\/#website","url":"https:\/\/www.progen.org\/","name":"Progen Care","description":"Connecting Children With The Best  Possible Care","publisher":{"@id":"https:\/\/www.progen.org\/#organization"},"potentialAction":[{"@type":"SearchAction","target":{"@type":"EntryPoint","urlTemplate":"https:\/\/www.progen.org\/?s={search_term_string}"},"query-input":"required name=search_term_string"}],"inLanguage":"es-ES"},{"@type":"Organization","@id":"https:\/\/www.progen.org\/#organization","name":"Progen Care","url":"https:\/\/www.progen.org\/","logo":{"@type":"ImageObject","inLanguage":"es-ES","@id":"https:\/\/www.progen.org\/#\/schema\/logo\/image\/","url":"https:\/\/www.progen.org\/wp-content\/uploads\/2023\/01\/logo.png","contentUrl":"https:\/\/www.progen.org\/wp-content\/uploads\/2023\/01\/logo.png","width":242,"height":83,"caption":"Progen Care"},"image":{"@id":"https:\/\/www.progen.org\/#\/schema\/logo\/image\/"},"sameAs":["https:\/\/www.facebook.com\/progencare\/","https:\/\/www.instagram.com\/progencare\/","https:\/\/www.linkedin.com\/company\/progencare\/"]}]}},"_links":{"self":[{"href":"https:\/\/www.progen.org\/es\/wp-json\/wp\/v2\/pages\/1218"}],"collection":[{"href":"https:\/\/www.progen.org\/es\/wp-json\/wp\/v2\/pages"}],"about":[{"href":"https:\/\/www.progen.org\/es\/wp-json\/wp\/v2\/types\/page"}],"author":[{"embeddable":true,"href":"https:\/\/www.progen.org\/es\/wp-json\/wp\/v2\/users\/1"}],"replies":[{"embeddable":true,"href":"https:\/\/www.progen.org\/es\/wp-json\/wp\/v2\/comments?post=1218"}],"version-history":[{"count":12,"href":"https:\/\/www.progen.org\/es\/wp-json\/wp\/v2\/pages\/1218\/revisions"}],"predecessor-version":[{"id":1988,"href":"https:\/\/www.progen.org\/es\/wp-json\/wp\/v2\/pages\/1218\/revisions\/1988"}],"wp:attachment":[{"href":"https:\/\/www.progen.org\/es\/wp-json\/wp\/v2\/media?parent=1218"}],"curies":[{"name":"wp","href":"https:\/\/api.w.org\/{rel}","templated":true}]}}